{"id":1513,"date":"2020-03-22T14:42:22","date_gmt":"2020-03-22T13:42:22","guid":{"rendered":"https:\/\/www.augelegalfiscal.com\/area-legal\/departement-commercial\/"},"modified":"2025-09-25T19:45:01","modified_gmt":"2025-09-25T17:45:01","slug":"societe-corporate","status":"publish","type":"page","link":"https:\/\/www.augelegalfiscal.com\/fr\/services-aux-entreprises\/societe-corporate\/","title":{"rendered":"Societ\u00e9 \/ Corporate"},"content":{"rendered":"\t\t<div data-elementor-type=\"wp-page\" data-elementor-id=\"1513\" class=\"elementor elementor-1513 elementor-503\" data-elementor-post-type=\"page\">\n\t\t\t\t\t\t<section class=\"elementor-section elementor-top-section elementor-element elementor-element-95cafc5 elementor-section-boxed elementor-section-height-default elementor-section-height-default\" data-id=\"95cafc5\" data-element_type=\"section\" data-settings=\"{&quot;background_background&quot;:&quot;classic&quot;,&quot;animation&quot;:&quot;none&quot;}\">\n\t\t\t\t\t\t\t<div class=\"elementor-background-overlay\"><\/div>\n\t\t\t\t\t\t\t<div class=\"elementor-container elementor-column-gap-default\">\n\t\t\t\t\t<div class=\"elementor-column elementor-col-100 elementor-top-column elementor-element elementor-element-52e0bf5\" data-id=\"52e0bf5\" data-element_type=\"column\">\n\t\t\t<div class=\"elementor-widget-wrap elementor-element-populated\">\n\t\t\t\t\t\t<div class=\"elementor-element elementor-element-a12322c elementor-widget elementor-widget-heading\" data-id=\"a12322c\" data-element_type=\"widget\" data-widget_type=\"heading.default\">\n\t\t\t\t<div class=\"elementor-widget-container\">\n\t\t\t\t\t<h1 class=\"elementor-heading-title elementor-size-default\">Societ\u00e9 \/ Corporate<\/h1>\t\t\t\t<\/div>\n\t\t\t\t<\/div>\n\t\t\t\t\t<\/div>\n\t\t<\/div>\n\t\t\t\t\t<\/div>\n\t\t<\/section>\n\t\t\t\t<section class=\"elementor-section elementor-top-section elementor-element elementor-element-f5cf188 elementor-section-boxed elementor-section-height-default elementor-section-height-default\" data-id=\"f5cf188\" data-element_type=\"section\">\n\t\t\t\t\t\t<div class=\"elementor-container elementor-column-gap-default\">\n\t\t\t\t\t<div class=\"elementor-column elementor-col-100 elementor-top-column elementor-element elementor-element-4cae72e\" data-id=\"4cae72e\" data-element_type=\"column\" data-settings=\"{&quot;background_background&quot;:&quot;classic&quot;}\">\n\t\t\t<div class=\"elementor-widget-wrap elementor-element-populated\">\n\t\t\t\t\t\t<div class=\"elementor-element elementor-element-c2b0dad elementor-widget elementor-widget-text-editor\" data-id=\"c2b0dad\" data-element_type=\"widget\" data-widget_type=\"text-editor.default\">\n\t\t\t\t<div class=\"elementor-widget-container\">\n\t\t\t\t\t\t\t\t\t<p>Notre <span style=\"color: #a22d58;\"><strong>D\u00e9partement commercial est le leader de la Principaut\u00e9 d\u2019Andorre<\/strong> <\/span>en termes de constitution de soci\u00e9t\u00e9s, op\u00e9rations de restructuration d\u2019entreprises, d\u00e9marches li\u00e9es aux op\u00e9rations commerciales, r\u00e9daction d\u2019accords parasociaux, contrats d\u2019entreprises et assistance en mati\u00e8re de contentieux de soci\u00e9t\u00e9s et de propri\u00e9t\u00e9 intellectuelle et industrielle.<\/p>\n\t\t\t\t\t\t\t\t<\/div>\n\t\t\t\t<\/div>\n\t\t\t\t\t<\/div>\n\t\t<\/div>\n\t\t\t\t\t<\/div>\n\t\t<\/section>\n\t\t\t\t<section class=\"elementor-section elementor-top-section elementor-element elementor-element-4123340e elementor-section-boxed elementor-section-height-default elementor-section-height-default\" data-id=\"4123340e\" data-element_type=\"section\" data-settings=\"{&quot;background_background&quot;:&quot;classic&quot;}\">\n\t\t\t\t\t\t<div class=\"elementor-container elementor-column-gap-default\">\n\t\t\t\t\t<div class=\"elementor-column elementor-col-100 elementor-top-column elementor-element elementor-element-6e58305f\" data-id=\"6e58305f\" data-element_type=\"column\">\n\t\t\t<div class=\"elementor-widget-wrap elementor-element-populated\">\n\t\t\t\t\t\t<div class=\"elementor-element elementor-element-3fc4e32e elementor-widget elementor-widget-heading\" data-id=\"3fc4e32e\" data-element_type=\"widget\" data-widget_type=\"heading.default\">\n\t\t\t\t<div class=\"elementor-widget-container\">\n\t\t\t\t\t<h3 class=\"elementor-heading-title elementor-size-default\">Constitution de soci\u00e9t\u00e9s et autorisations commerciales<\/h3>\t\t\t\t<\/div>\n\t\t\t\t<\/div>\n\t\t\t\t<div class=\"elementor-element elementor-element-2149954a elementor-widget elementor-widget-accordion\" data-id=\"2149954a\" data-element_type=\"widget\" data-widget_type=\"accordion.default\">\n\t\t\t\t<div class=\"elementor-widget-container\">\n\t\t\t\t\t\t\t<div class=\"elementor-accordion\">\n\t\t\t\t\t\t\t<div class=\"elementor-accordion-item\">\n\t\t\t\t\t<div id=\"elementor-tab-title-5581\" class=\"elementor-tab-title\" data-tab=\"1\" role=\"button\" aria-controls=\"elementor-tab-content-5581\" aria-expanded=\"false\">\n\t\t\t\t\t\t\t\t\t\t\t\t\t<span class=\"elementor-accordion-icon elementor-accordion-icon-left\" aria-hidden=\"true\">\n\t\t\t\t\t\t\t\t\t\t\t\t\t\t\t<span class=\"elementor-accordion-icon-closed\"><i class=\"fas fa-chevron-down\"><\/i><\/span>\n\t\t\t\t\t\t\t\t<span class=\"elementor-accordion-icon-opened\"><i class=\"fas fa-chevron-up\"><\/i><\/span>\n\t\t\t\t\t\t\t\t\t\t\t\t\t\t<\/span>\n\t\t\t\t\t\t\t\t\t\t\t\t<a class=\"elementor-accordion-title\" tabindex=\"0\"><\/a>\n\t\t\t\t\t<\/div>\n\t\t\t\t\t<div id=\"elementor-tab-content-5581\" class=\"elementor-tab-content elementor-clearfix\" data-tab=\"1\" role=\"region\" aria-labelledby=\"elementor-tab-title-5581\"><p>Cela fait trente ans que nos experts commerciaux r\u00e9alisent tous types d\u2019op\u00e9rations corporatives, notamment au cours des 10 derni\u00e8res ann\u00e9es, o\u00f9 les proc\u00e9dures d\u2019homologation des normes internationales de la Principaut\u00e9 nous ont procur\u00e9 une grande exp\u00e9rience en mati\u00e8re de conseils aux entreprises internationales qui ont d\u00e9cid\u00e9 de s\u2019installer chez nous pour mener leurs op\u00e9rations en b\u00e9n\u00e9ficiant de tous les privil\u00e8ges qu\u2019offre l\u2019Andorre.<\/p>\n<p>L\u2019ouverture \u00e9conomique de l\u2019Andorre a pouss\u00e9 notre \u00e9quipe a optimiser sa formation afin de bien aborder et structurer les investissements \u00e9trangers, notamment en mati\u00e8re de constitution de soci\u00e9t\u00e9s et d\u2019achat de biens immobiliers ou de produits financiers. Notre seul objectif est de contribuer \u00e0 ce que nos clients r\u00e9pondent \u00e0 toutes les exigences requises par le Gouvernement d\u2019Andorre et remplissent les conditions permettant de constituer des soci\u00e9t\u00e9s andorranes.<\/p>\n<p><a class=\"btn btn-primary\" href=\"https:\/\/www.augelegalfiscal.com\/fr\/services-aux-entreprises\/juridique\/constitution-de-societes\/\">SAVOIR PLUS <\/a><\/p>\n<\/div>\n\t\t\t\t<\/div>\n\t\t\t\t\t\t\t\t<\/div>\n\t\t\t\t\t\t<\/div>\n\t\t\t\t<\/div>\n\t\t\t\t\t<\/div>\n\t\t<\/div>\n\t\t\t\t\t<\/div>\n\t\t<\/section>\n\t\t\t\t<section class=\"elementor-section elementor-top-section elementor-element elementor-element-ba896a6 elementor-section-boxed elementor-section-height-default elementor-section-height-default\" data-id=\"ba896a6\" data-element_type=\"section\" data-settings=\"{&quot;background_background&quot;:&quot;classic&quot;}\">\n\t\t\t\t\t\t<div class=\"elementor-container elementor-column-gap-default\">\n\t\t\t\t\t<div class=\"elementor-column elementor-col-100 elementor-top-column elementor-element elementor-element-531e887\" data-id=\"531e887\" data-element_type=\"column\">\n\t\t\t<div class=\"elementor-widget-wrap elementor-element-populated\">\n\t\t\t\t\t\t<div class=\"elementor-element elementor-element-4bd6afe elementor-widget elementor-widget-heading\" data-id=\"4bd6afe\" data-element_type=\"widget\" data-widget_type=\"heading.default\">\n\t\t\t\t<div class=\"elementor-widget-container\">\n\t\t\t\t\t<h3 class=\"elementor-heading-title elementor-size-default\">Conformit\u00e9 r\u00e9glementaire<\/h3>\t\t\t\t<\/div>\n\t\t\t\t<\/div>\n\t\t\t\t<div class=\"elementor-element elementor-element-19db071 elementor-widget elementor-widget-accordion\" data-id=\"19db071\" data-element_type=\"widget\" data-widget_type=\"accordion.default\">\n\t\t\t\t<div class=\"elementor-widget-container\">\n\t\t\t\t\t\t\t<div class=\"elementor-accordion\">\n\t\t\t\t\t\t\t<div class=\"elementor-accordion-item\">\n\t\t\t\t\t<div id=\"elementor-tab-title-2711\" class=\"elementor-tab-title\" data-tab=\"1\" role=\"button\" aria-controls=\"elementor-tab-content-2711\" aria-expanded=\"false\">\n\t\t\t\t\t\t\t\t\t\t\t\t\t<span class=\"elementor-accordion-icon elementor-accordion-icon-left\" aria-hidden=\"true\">\n\t\t\t\t\t\t\t\t\t\t\t\t\t\t\t<span class=\"elementor-accordion-icon-closed\"><i class=\"fas fa-chevron-down\"><\/i><\/span>\n\t\t\t\t\t\t\t\t<span class=\"elementor-accordion-icon-opened\"><i class=\"fas fa-chevron-up\"><\/i><\/span>\n\t\t\t\t\t\t\t\t\t\t\t\t\t\t<\/span>\n\t\t\t\t\t\t\t\t\t\t\t\t<a class=\"elementor-accordion-title\" tabindex=\"0\"><\/a>\n\t\t\t\t\t<\/div>\n\t\t\t\t\t<div id=\"elementor-tab-content-2711\" class=\"elementor-tab-content elementor-clearfix\" data-tab=\"1\" role=\"region\" aria-labelledby=\"elementor-tab-title-2711\"><p style=\"text-align: left;\">Notre bureau oriente les entreprises dans leur processus de consolidation de leurs structures afin d\u2019assurer le respect concret des param\u00e8tres l\u00e9gaux. Les experts d\u2019Aug\u00e9 Legal&amp;Fiscal charg\u00e9s de la compliance ont donc des connaissances actualis\u00e9es de la r\u00e9glementation en vigueur en mati\u00e8re de pr\u00e9vention du blanchiment de capitaux et travaillent en collaboration avec les institutions publiques qui supervisent la conformit\u00e9 r\u00e9glementaire des entreprises sises dans la Principaut\u00e9 d\u2019Andorre.<\/p>\n<p style=\"text-align: left;\">Par ailleurs, en vue d\u2019assurer l\u2019excellence de notre service, nous jouissons d\u2019une excellente relation de collaboration avec toutes les institutions bancaires de la Principaut\u00e9, lesquelles constituent les principaux garants de la conformit\u00e9 r\u00e9glementaire des transactions r\u00e9alis\u00e9es depuis notre territoire.<\/p>\n<\/div>\n\t\t\t\t<\/div>\n\t\t\t\t\t\t\t\t<\/div>\n\t\t\t\t\t\t<\/div>\n\t\t\t\t<\/div>\n\t\t\t\t\t<\/div>\n\t\t<\/div>\n\t\t\t\t\t<\/div>\n\t\t<\/section>\n\t\t\t\t<section class=\"elementor-section elementor-top-section elementor-element elementor-element-efd0fff elementor-section-boxed elementor-section-height-default elementor-section-height-default\" data-id=\"efd0fff\" data-element_type=\"section\" data-settings=\"{&quot;background_background&quot;:&quot;classic&quot;}\">\n\t\t\t\t\t\t<div class=\"elementor-container elementor-column-gap-default\">\n\t\t\t\t\t<div class=\"elementor-column elementor-col-100 elementor-top-column elementor-element elementor-element-3bf6fcb\" data-id=\"3bf6fcb\" data-element_type=\"column\">\n\t\t\t<div class=\"elementor-widget-wrap elementor-element-populated\">\n\t\t\t\t\t\t<div class=\"elementor-element elementor-element-babeecd elementor-widget elementor-widget-heading\" data-id=\"babeecd\" data-element_type=\"widget\" data-widget_type=\"heading.default\">\n\t\t\t\t<div class=\"elementor-widget-container\">\n\t\t\t\t\t<h3 class=\"elementor-heading-title elementor-size-default\">Vente\/achat\/transfert d'actions ou d'actions sociales<\/h3>\t\t\t\t<\/div>\n\t\t\t\t<\/div>\n\t\t\t\t<div class=\"elementor-element elementor-element-b4bd006 elementor-widget elementor-widget-accordion\" data-id=\"b4bd006\" data-element_type=\"widget\" data-widget_type=\"accordion.default\">\n\t\t\t\t<div class=\"elementor-widget-container\">\n\t\t\t\t\t\t\t<div class=\"elementor-accordion\">\n\t\t\t\t\t\t\t<div class=\"elementor-accordion-item\">\n\t\t\t\t\t<div id=\"elementor-tab-title-1891\" class=\"elementor-tab-title\" data-tab=\"1\" role=\"button\" aria-controls=\"elementor-tab-content-1891\" aria-expanded=\"false\">\n\t\t\t\t\t\t\t\t\t\t\t\t\t<span class=\"elementor-accordion-icon elementor-accordion-icon-left\" aria-hidden=\"true\">\n\t\t\t\t\t\t\t\t\t\t\t\t\t\t\t<span class=\"elementor-accordion-icon-closed\"><i class=\"fas fa-chevron-down\"><\/i><\/span>\n\t\t\t\t\t\t\t\t<span class=\"elementor-accordion-icon-opened\"><i class=\"fas fa-chevron-up\"><\/i><\/span>\n\t\t\t\t\t\t\t\t\t\t\t\t\t\t<\/span>\n\t\t\t\t\t\t\t\t\t\t\t\t<a class=\"elementor-accordion-title\" tabindex=\"0\"><\/a>\n\t\t\t\t\t<\/div>\n\t\t\t\t\t<div id=\"elementor-tab-content-1891\" class=\"elementor-tab-content elementor-clearfix\" data-tab=\"1\" role=\"region\" aria-labelledby=\"elementor-tab-title-1891\"><p>Nos avocats commerciaux sont tr\u00e8s familiers avec l&rsquo;achat et la vente d&rsquo;actifs d&rsquo;entreprise, car ils ont supervis\u00e9 un nombre consid\u00e9rable de transactions impliquant l&rsquo;achat et la vente ou le transfert de participations ou d&rsquo;actions dans des soci\u00e9t\u00e9s locales et internationales. Aug\u00e9 Legal&amp;Fiscal peut aider \u00e0 la proc\u00e9dure d&rsquo;\u00e9valuation et \u00e0 la pr\u00e9paration de la documentation de Due Diligence avec l&rsquo;intervention de notre filiale Aug\u00e9 Accountants, sp\u00e9cialis\u00e9e dans ces services.<\/p>\n<p>Nous veillons \u00e9galement au respect de tous les \u00e9l\u00e9ments du droit des soci\u00e9t\u00e9s de la Principaut\u00e9 d&rsquo;Andorre, en conseillant le client sur la documentation n\u00e9cessaire \u00e0 la r\u00e9alisation de l&rsquo;op\u00e9ration souhait\u00e9e. C&rsquo;est pourquoi nous offrons une assistance compl\u00e8te tout au long de la proc\u00e9dure de transfert, depuis les r\u00e9solutions du conseil d\u2019administration approuvant le transfert, jusqu&rsquo;\u00e0 l&rsquo;\u00e9tude de l&rsquo;exercice des droits de pr\u00e9emption des actionnaires et, bien entendu, la pr\u00e9paration et la commande de toute la documentation requise par le notaire pour mener \u00e0 bien l&rsquo;op\u00e9ration juridique.<\/p>\n<\/div>\n\t\t\t\t<\/div>\n\t\t\t\t\t\t\t\t<\/div>\n\t\t\t\t\t\t<\/div>\n\t\t\t\t<\/div>\n\t\t\t\t\t<\/div>\n\t\t<\/div>\n\t\t\t\t\t<\/div>\n\t\t<\/section>\n\t\t\t\t<section class=\"elementor-section elementor-top-section elementor-element elementor-element-69accf7 elementor-section-boxed elementor-section-height-default elementor-section-height-default\" data-id=\"69accf7\" data-element_type=\"section\" data-settings=\"{&quot;background_background&quot;:&quot;classic&quot;}\">\n\t\t\t\t\t\t<div class=\"elementor-container elementor-column-gap-default\">\n\t\t\t\t\t<div class=\"elementor-column elementor-col-100 elementor-top-column elementor-element elementor-element-15385d0\" data-id=\"15385d0\" data-element_type=\"column\">\n\t\t\t<div class=\"elementor-widget-wrap elementor-element-populated\">\n\t\t\t\t\t\t<div class=\"elementor-element elementor-element-68cf382 elementor-widget elementor-widget-heading\" data-id=\"68cf382\" data-element_type=\"widget\" data-widget_type=\"heading.default\">\n\t\t\t\t<div class=\"elementor-widget-container\">\n\t\t\t\t\t<h3 class=\"elementor-heading-title elementor-size-default\">Restructurations de soci\u00e9t\u00e9s<\/h3>\t\t\t\t<\/div>\n\t\t\t\t<\/div>\n\t\t\t\t<div class=\"elementor-element elementor-element-2e3046a elementor-widget elementor-widget-accordion\" data-id=\"2e3046a\" data-element_type=\"widget\" data-widget_type=\"accordion.default\">\n\t\t\t\t<div class=\"elementor-widget-container\">\n\t\t\t\t\t\t\t<div class=\"elementor-accordion\">\n\t\t\t\t\t\t\t<div class=\"elementor-accordion-item\">\n\t\t\t\t\t<div id=\"elementor-tab-title-4841\" class=\"elementor-tab-title\" data-tab=\"1\" role=\"button\" aria-controls=\"elementor-tab-content-4841\" aria-expanded=\"false\">\n\t\t\t\t\t\t\t\t\t\t\t\t\t<span class=\"elementor-accordion-icon elementor-accordion-icon-left\" aria-hidden=\"true\">\n\t\t\t\t\t\t\t\t\t\t\t\t\t\t\t<span class=\"elementor-accordion-icon-closed\"><i class=\"fas fa-chevron-down\"><\/i><\/span>\n\t\t\t\t\t\t\t\t<span class=\"elementor-accordion-icon-opened\"><i class=\"fas fa-chevron-up\"><\/i><\/span>\n\t\t\t\t\t\t\t\t\t\t\t\t\t\t<\/span>\n\t\t\t\t\t\t\t\t\t\t\t\t<a class=\"elementor-accordion-title\" tabindex=\"0\"><\/a>\n\t\t\t\t\t<\/div>\n\t\t\t\t\t<div id=\"elementor-tab-content-4841\" class=\"elementor-tab-content elementor-clearfix\" data-tab=\"1\" role=\"region\" aria-labelledby=\"elementor-tab-title-4841\"><p>Aug\u00e9 Legal&amp;Fiscal constate au quotidien la pr\u00e9sence d\u2019une grande vari\u00e9t\u00e9 de structures de soci\u00e9t\u00e9s qui op\u00e8rent sur les march\u00e9s nationaux et internationaux. Pour des raisons de type organisationnel ou d\u2019assistance fiscale, nos clients font r\u00e9guli\u00e8rement appel \u00e0 nos services pour r\u00e9aliser des op\u00e9rations de restructuration d\u2019entreprises. Notre D\u00e9partement commercial se charge donc d\u2019\u00e9pauler la cr\u00e9ation ou la restructuration de groupes compos\u00e9s, par exemple, de soci\u00e9t\u00e9s m\u00e8res qui diversifient leurs actifs entre des soci\u00e9t\u00e9s internationales et des soci\u00e9t\u00e9s patrimoniales nationales.<\/p>\n<p>\u00c9tant donn\u00e9 que les restructurations sont moins habituelles, notre groupe a c\u00e9d\u00e9 quelques secteurs d\u2019activit\u00e9s de groupes internationaux et cr\u00e9\u00e9 des syst\u00e8mes de sous-holding afin d\u2019optimiser la fiscalit\u00e9 de certains groupes d\u2019entreprises. Nous orientons \u00e9galement nos clients en mati\u00e8re de fusions, d\u2019absorptions, de scissions et de cessions globales ou partielles de soci\u00e9t\u00e9s sises en Andorre ou \u00e0 l\u2019ext\u00e9rieur.<\/p>\n<\/div>\n\t\t\t\t<\/div>\n\t\t\t\t\t\t\t\t<\/div>\n\t\t\t\t\t\t<\/div>\n\t\t\t\t<\/div>\n\t\t\t\t\t<\/div>\n\t\t<\/div>\n\t\t\t\t\t<\/div>\n\t\t<\/section>\n\t\t\t\t<section class=\"elementor-section elementor-top-section elementor-element elementor-element-915d1ae elementor-section-boxed elementor-section-height-default elementor-section-height-default\" data-id=\"915d1ae\" data-element_type=\"section\" data-settings=\"{&quot;background_background&quot;:&quot;classic&quot;}\">\n\t\t\t\t\t\t<div class=\"elementor-container elementor-column-gap-default\">\n\t\t\t\t\t<div class=\"elementor-column elementor-col-100 elementor-top-column elementor-element elementor-element-279a75e\" data-id=\"279a75e\" data-element_type=\"column\">\n\t\t\t<div class=\"elementor-widget-wrap elementor-element-populated\">\n\t\t\t\t\t\t<div class=\"elementor-element elementor-element-4c409bf elementor-widget elementor-widget-heading\" data-id=\"4c409bf\" data-element_type=\"widget\" data-widget_type=\"heading.default\">\n\t\t\t\t<div class=\"elementor-widget-container\">\n\t\t\t\t\t<h3 class=\"elementor-heading-title elementor-size-default\">R\u00e9daction et modification de statuts sociaux et de contrats commerciaux<\/h3>\t\t\t\t<\/div>\n\t\t\t\t<\/div>\n\t\t\t\t<div class=\"elementor-element elementor-element-1c06b6e elementor-widget elementor-widget-accordion\" data-id=\"1c06b6e\" data-element_type=\"widget\" data-widget_type=\"accordion.default\">\n\t\t\t\t<div class=\"elementor-widget-container\">\n\t\t\t\t\t\t\t<div class=\"elementor-accordion\">\n\t\t\t\t\t\t\t<div class=\"elementor-accordion-item\">\n\t\t\t\t\t<div id=\"elementor-tab-title-2931\" class=\"elementor-tab-title\" data-tab=\"1\" role=\"button\" aria-controls=\"elementor-tab-content-2931\" aria-expanded=\"false\">\n\t\t\t\t\t\t\t\t\t\t\t\t\t<span class=\"elementor-accordion-icon elementor-accordion-icon-left\" aria-hidden=\"true\">\n\t\t\t\t\t\t\t\t\t\t\t\t\t\t\t<span class=\"elementor-accordion-icon-closed\"><i class=\"fas fa-chevron-down\"><\/i><\/span>\n\t\t\t\t\t\t\t\t<span class=\"elementor-accordion-icon-opened\"><i class=\"fas fa-chevron-up\"><\/i><\/span>\n\t\t\t\t\t\t\t\t\t\t\t\t\t\t<\/span>\n\t\t\t\t\t\t\t\t\t\t\t\t<a class=\"elementor-accordion-title\" tabindex=\"0\"><\/a>\n\t\t\t\t\t<\/div>\n\t\t\t\t\t<div id=\"elementor-tab-content-2931\" class=\"elementor-tab-content elementor-clearfix\" data-tab=\"1\" role=\"region\" aria-labelledby=\"elementor-tab-title-2931\"><p>Une grande partie des op\u00e9rations r\u00e9alis\u00e9es au sein d\u2019une soci\u00e9t\u00e9 requi\u00e8rent une modification des statuts. Qu\u2019il s\u2019agisse de cas simples, comme la modification des d\u00e9nominations sociales et la pr\u00e9vision de r\u00e9mun\u00e9ration d\u2019un administrateur, ou de cas plus transcendantaux, comme la modification globale de l\u2019objet social, le changement de crit\u00e8res d\u2019\u00e9valuation des parts sociales ou l\u2019\u00e9largissement et la r\u00e9duction de capital.<\/p>\n<p>En ce sens, le D\u00e9partement commercial d\u2019Aug\u00e9 Legal&amp;Fiscal se consacre activement \u00e0 la r\u00e9daction et \u00e0 la modification de statuts sociaux afin de faciliter tout changement facultatif requis par les membres de la soci\u00e9t\u00e9 ou par la loi (d\u2019o\u00f9 notre suivi actif des pr\u00e9visions statutaires de toutes les soci\u00e9t\u00e9s que nous orientons).<\/p>\n<p>Par ailleurs, en vue de r\u00e9guler les relations entre entreprises, Aug\u00e9 Legal&amp;Fiscal r\u00e9dige des contrats de collaboration, de distribution exclusive, de franchise, d\u2019engagement d\u2019investissement et autres. Nous organisons \u00e9galement les relations entre membres concernant tous les aspects non pr\u00e9vus au sein des statuts sociaux \u00e0 travers des accords ou contrats para-sociaux priv\u00e9s susceptibles de r\u00e9pondre aux besoins pr\u00e9sents et futurs de la collaboration entre les membres des soci\u00e9t\u00e9s.<\/p>\n<\/div>\n\t\t\t\t<\/div>\n\t\t\t\t\t\t\t\t<\/div>\n\t\t\t\t\t\t<\/div>\n\t\t\t\t<\/div>\n\t\t\t\t\t<\/div>\n\t\t<\/div>\n\t\t\t\t\t<\/div>\n\t\t<\/section>\n\t\t\t\t<section class=\"elementor-section elementor-top-section elementor-element elementor-element-8ee1e7c elementor-section-boxed elementor-section-height-default elementor-section-height-default\" data-id=\"8ee1e7c\" data-element_type=\"section\" data-settings=\"{&quot;background_background&quot;:&quot;classic&quot;}\">\n\t\t\t\t\t\t<div class=\"elementor-container elementor-column-gap-default\">\n\t\t\t\t\t<div class=\"elementor-column elementor-col-100 elementor-top-column elementor-element elementor-element-f38b172\" data-id=\"f38b172\" data-element_type=\"column\">\n\t\t\t<div class=\"elementor-widget-wrap elementor-element-populated\">\n\t\t\t\t\t\t<div class=\"elementor-element elementor-element-6f43ea2 elementor-widget elementor-widget-heading\" data-id=\"6f43ea2\" data-element_type=\"widget\" data-widget_type=\"heading.default\">\n\t\t\t\t<div class=\"elementor-widget-container\">\n\t\t\t\t\t<h3 class=\"elementor-heading-title elementor-size-default\">Contentieux d\u2019entreprise<\/h3>\t\t\t\t<\/div>\n\t\t\t\t<\/div>\n\t\t\t\t<div class=\"elementor-element elementor-element-087abd2 elementor-widget elementor-widget-accordion\" data-id=\"087abd2\" data-element_type=\"widget\" data-widget_type=\"accordion.default\">\n\t\t\t\t<div class=\"elementor-widget-container\">\n\t\t\t\t\t\t\t<div class=\"elementor-accordion\">\n\t\t\t\t\t\t\t<div class=\"elementor-accordion-item\">\n\t\t\t\t\t<div id=\"elementor-tab-title-8891\" class=\"elementor-tab-title\" data-tab=\"1\" role=\"button\" aria-controls=\"elementor-tab-content-8891\" aria-expanded=\"false\">\n\t\t\t\t\t\t\t\t\t\t\t\t\t<span class=\"elementor-accordion-icon elementor-accordion-icon-left\" aria-hidden=\"true\">\n\t\t\t\t\t\t\t\t\t\t\t\t\t\t\t<span class=\"elementor-accordion-icon-closed\"><i class=\"fas fa-chevron-down\"><\/i><\/span>\n\t\t\t\t\t\t\t\t<span class=\"elementor-accordion-icon-opened\"><i class=\"fas fa-chevron-up\"><\/i><\/span>\n\t\t\t\t\t\t\t\t\t\t\t\t\t\t<\/span>\n\t\t\t\t\t\t\t\t\t\t\t\t<a class=\"elementor-accordion-title\" tabindex=\"0\"><\/a>\n\t\t\t\t\t<\/div>\n\t\t\t\t\t<div id=\"elementor-tab-content-8891\" class=\"elementor-tab-content elementor-clearfix\" data-tab=\"1\" role=\"region\" aria-labelledby=\"elementor-tab-title-8891\"><p>Forte de ses profondes connaissances de la l\u00e9gislation en vigueur et de la doctrine et de la jurisprudence nationales et internationales, notre \u00e9quipe juridique propose des services d\u2019assistance de premier choix en mati\u00e8re de contentieux d\u2019entreprise. Une exp\u00e9rience confirm\u00e9e par les nombreux succ\u00e8s remport\u00e9s aupr\u00e8s des instances supr\u00eames de la Principaut\u00e9 d\u2019Andorre en termes de litiges d\u00e9riv\u00e9s de disputes de caract\u00e8re corporatif, de d\u00e9saccords entre membres et d\u2019autres circonstances conflictuelles dues \u00e0 des violations de la l\u00e9gislation andorrane.<\/p>\n<p>Des probl\u00e9matiques li\u00e9es \u00e0 l\u2019exercice du droit de pr\u00e9emption aux contestations partielles et totales d\u2019accords sociaux, en passant par un vaste \u00e9ventail de conflits entre les membres d\u2019une soci\u00e9t\u00e9 pour des raisons de transgression des dispositions des statuts, accords entre membres ou engagements d\u2019investissements. Aug\u00e9 Legal&amp;Fiscal est synonyme de garantie en termes d\u2019exp\u00e9rience, de professionnalisme et de transparence, dans la mesure o\u00f9 les connaissances juridiques de ses experts permettent de proposer aux clients une relation de sinc\u00e9rit\u00e9 par rapport aux possibilit\u00e9s de succ\u00e8s de leurs aspirations extrajudiciaires ou contentieuses.<\/p>\n<\/div>\n\t\t\t\t<\/div>\n\t\t\t\t\t\t\t\t<\/div>\n\t\t\t\t\t\t<\/div>\n\t\t\t\t<\/div>\n\t\t\t\t\t<\/div>\n\t\t<\/div>\n\t\t\t\t\t<\/div>\n\t\t<\/section>\n\t\t\t\t<section class=\"elementor-section elementor-top-section elementor-element elementor-element-c3cfc4a elementor-section-boxed elementor-section-height-default elementor-section-height-default\" data-id=\"c3cfc4a\" data-element_type=\"section\" data-settings=\"{&quot;background_background&quot;:&quot;classic&quot;}\">\n\t\t\t\t\t\t<div class=\"elementor-container elementor-column-gap-default\">\n\t\t\t\t\t<div class=\"elementor-column elementor-col-100 elementor-top-column elementor-element elementor-element-8731575\" data-id=\"8731575\" data-element_type=\"column\">\n\t\t\t<div class=\"elementor-widget-wrap elementor-element-populated\">\n\t\t\t\t\t\t<div class=\"elementor-element elementor-element-a4991d4 elementor-widget elementor-widget-heading\" data-id=\"a4991d4\" data-element_type=\"widget\" data-widget_type=\"heading.default\">\n\t\t\t\t<div class=\"elementor-widget-container\">\n\t\t\t\t\t<h3 class=\"elementor-heading-title elementor-size-default\">Contentieux bancaire<\/h3>\t\t\t\t<\/div>\n\t\t\t\t<\/div>\n\t\t\t\t<div class=\"elementor-element elementor-element-1f05a72 elementor-widget elementor-widget-accordion\" data-id=\"1f05a72\" data-element_type=\"widget\" data-widget_type=\"accordion.default\">\n\t\t\t\t<div class=\"elementor-widget-container\">\n\t\t\t\t\t\t\t<div class=\"elementor-accordion\">\n\t\t\t\t\t\t\t<div class=\"elementor-accordion-item\">\n\t\t\t\t\t<div id=\"elementor-tab-title-3251\" class=\"elementor-tab-title\" data-tab=\"1\" role=\"button\" aria-controls=\"elementor-tab-content-3251\" aria-expanded=\"false\">\n\t\t\t\t\t\t\t\t\t\t\t\t\t<span class=\"elementor-accordion-icon elementor-accordion-icon-left\" aria-hidden=\"true\">\n\t\t\t\t\t\t\t\t\t\t\t\t\t\t\t<span class=\"elementor-accordion-icon-closed\"><i class=\"fas fa-chevron-down\"><\/i><\/span>\n\t\t\t\t\t\t\t\t<span class=\"elementor-accordion-icon-opened\"><i class=\"fas fa-chevron-up\"><\/i><\/span>\n\t\t\t\t\t\t\t\t\t\t\t\t\t\t<\/span>\n\t\t\t\t\t\t\t\t\t\t\t\t<a class=\"elementor-accordion-title\" tabindex=\"0\"><\/a>\n\t\t\t\t\t<\/div>\n\t\t\t\t\t<div id=\"elementor-tab-content-3251\" class=\"elementor-tab-content elementor-clearfix\" data-tab=\"1\" role=\"region\" aria-labelledby=\"elementor-tab-title-3251\"><p style=\"text-align: left;\">Au-del\u00e0 de l\u2019excellente relation que nous entretenons avec les institutions bancaires du pays, il est \u00e9vident qu\u2019il existe des pratiques financi\u00e8res isol\u00e9es susceptibles de provoquer de graves dommages \u00e0 la population et qui sont condamnables \u00e0 tous les effets.<\/p>\n<p style=\"text-align: left;\">C\u2019est pour cette raison que notre \u00e9quipe de juristes s\u2019est sp\u00e9cialis\u00e9e dans la nouvelle r\u00e9glementation relative aux param\u00e8tres et conditions de fonctionnement bancaire, supervis\u00e9e par l\u2019AFA (Autorit\u00e9 Financi\u00e8re Andorrane, r\u00e9gulateur financier de la Principaut\u00e9), afin de bien ma\u00eetriser les communiqu\u00e9s techniques que les institutions doivent respecter ainsi que le contenu de la jurisprudence des instances supr\u00eames andorranes en mati\u00e8re d\u2019abus contre le client de l\u2019institution.<\/p>\n<p style=\"text-align: left;\">L\u2019efficacit\u00e9 de nos services est confirm\u00e9e par les nombreux succ\u00e8s remport\u00e9s dans le cadre de proc\u00e9dures judiciaires de r\u00e9clamation en faveur des int\u00e9r\u00eats de nos clients et de signatures d\u2019accords extrajudiciaires gr\u00e2ce auxquels certains dossiers n\u2019ont pas d\u00fb faire l\u2019objet de proc\u00e9dures judiciaires.<\/p>\n<\/div>\n\t\t\t\t<\/div>\n\t\t\t\t\t\t\t\t<\/div>\n\t\t\t\t\t\t<\/div>\n\t\t\t\t<\/div>\n\t\t\t\t\t<\/div>\n\t\t<\/div>\n\t\t\t\t\t<\/div>\n\t\t<\/section>\n\t\t\t\t<section class=\"elementor-section elementor-top-section elementor-element elementor-element-b39c7d2 elementor-section-boxed elementor-section-height-default elementor-section-height-default\" data-id=\"b39c7d2\" data-element_type=\"section\" data-settings=\"{&quot;background_background&quot;:&quot;classic&quot;}\">\n\t\t\t\t\t\t<div class=\"elementor-container elementor-column-gap-default\">\n\t\t\t\t\t<div class=\"elementor-column elementor-col-100 elementor-top-column elementor-element elementor-element-b89a8e5\" data-id=\"b89a8e5\" data-element_type=\"column\">\n\t\t\t<div class=\"elementor-widget-wrap elementor-element-populated\">\n\t\t\t\t\t\t<div class=\"elementor-element elementor-element-5d8a5aa elementor-widget elementor-widget-heading\" data-id=\"5d8a5aa\" data-element_type=\"widget\" data-widget_type=\"heading.default\">\n\t\t\t\t<div class=\"elementor-widget-container\">\n\t\t\t\t\t<h3 class=\"elementor-heading-title elementor-size-default\">Conseil et contentieux li\u00e9s \u00e0 la propri\u00e9t\u00e9 intellectuelle et industrielle<\/h3>\t\t\t\t<\/div>\n\t\t\t\t<\/div>\n\t\t\t\t<div class=\"elementor-element elementor-element-2954e39 elementor-widget elementor-widget-accordion\" data-id=\"2954e39\" data-element_type=\"widget\" data-widget_type=\"accordion.default\">\n\t\t\t\t<div class=\"elementor-widget-container\">\n\t\t\t\t\t\t\t<div class=\"elementor-accordion\">\n\t\t\t\t\t\t\t<div class=\"elementor-accordion-item\">\n\t\t\t\t\t<div id=\"elementor-tab-title-4331\" class=\"elementor-tab-title\" data-tab=\"1\" role=\"button\" aria-controls=\"elementor-tab-content-4331\" aria-expanded=\"false\">\n\t\t\t\t\t\t\t\t\t\t\t\t\t<span class=\"elementor-accordion-icon elementor-accordion-icon-left\" aria-hidden=\"true\">\n\t\t\t\t\t\t\t\t\t\t\t\t\t\t\t<span class=\"elementor-accordion-icon-closed\"><i class=\"fas fa-chevron-down\"><\/i><\/span>\n\t\t\t\t\t\t\t\t<span class=\"elementor-accordion-icon-opened\"><i class=\"fas fa-chevron-up\"><\/i><\/span>\n\t\t\t\t\t\t\t\t\t\t\t\t\t\t<\/span>\n\t\t\t\t\t\t\t\t\t\t\t\t<a class=\"elementor-accordion-title\" tabindex=\"0\"><\/a>\n\t\t\t\t\t<\/div>\n\t\t\t\t\t<div id=\"elementor-tab-content-4331\" class=\"elementor-tab-content elementor-clearfix\" data-tab=\"1\" role=\"region\" aria-labelledby=\"elementor-tab-title-4331\"><p>Aug\u00e9 Legal&amp;Fiscal jouit d\u2019une longue exp\u00e9rience dans le domaine du conseil et du contentieux li\u00e9s \u00e0 la propri\u00e9t\u00e9 intellectuelle et industrielle (marques, brevets et noms de domaine). Notre \u00e9quipe d\u2019experts repr\u00e9sente les int\u00e9r\u00eats de petites entreprises et de grandes multinationales aupr\u00e8s de la\u00a0<em>Batllia<\/em>\u00a0(Cour supr\u00eame) d\u2019Andorre et coordonne les affaires\u00a0<em>transfrontali\u00e8res<\/em>\u00a0avec des avocats d\u2019autres pays.<\/p><p>Notre bureau d\u2019\u00e9tudes propose \u00e9galement des services d\u2019assistance et de conseil en vue de trouver des solutions extrajudiciaires \u00e0 travers les proc\u00e9dures de\u00a0<a href=\"https:\/\/www.augelegalfiscal.com\/fr\/area-legal\/resolution-de-conflits-alternative\/\" target=\"_blank\" rel=\"noopener\">r\u00e9solution de conflits alternative<\/a>\u00a0(conciliation, m\u00e9diation et arbitrage), tant au niveau national qu\u2019international.<\/p><\/div>\n\t\t\t\t<\/div>\n\t\t\t\t\t\t\t\t<\/div>\n\t\t\t\t\t\t<\/div>\n\t\t\t\t<\/div>\n\t\t\t\t\t<\/div>\n\t\t<\/div>\n\t\t\t\t\t<\/div>\n\t\t<\/section>\n\t\t\t\t<\/div>\n\t\t","protected":false},"excerpt":{"rendered":"<p>Societ\u00e9 \/ Corporate Notre D\u00e9partement commercial est le leader de la Principaut\u00e9 d\u2019Andorre en termes de constitution de soci\u00e9t\u00e9s, op\u00e9rations de restructuration d\u2019entreprises, d\u00e9marches li\u00e9es aux op\u00e9rations commerciales, r\u00e9daction d\u2019accords parasociaux, contrats d\u2019entreprises et assistance en mati\u00e8re de contentieux de soci\u00e9t\u00e9s et de propri\u00e9t\u00e9 intellectuelle et industrielle. Constitution de soci\u00e9t\u00e9s et autorisations commerciales Cela fait [&hellip;]<\/p>\n","protected":false},"author":1,"featured_media":0,"parent":1142,"menu_order":0,"comment_status":"closed","ping_status":"closed","template":"","meta":{"_acf_changed":false,"footnotes":""},"class_list":["post-1513","page","type-page","status-publish","hentry"],"acf":[],"_links":{"self":[{"href":"https:\/\/www.augelegalfiscal.com\/fr\/wp-json\/wp\/v2\/pages\/1513","targetHints":{"allow":["GET"]}}],"collection":[{"href":"https:\/\/www.augelegalfiscal.com\/fr\/wp-json\/wp\/v2\/pages"}],"about":[{"href":"https:\/\/www.augelegalfiscal.com\/fr\/wp-json\/wp\/v2\/types\/page"}],"author":[{"embeddable":true,"href":"https:\/\/www.augelegalfiscal.com\/fr\/wp-json\/wp\/v2\/users\/1"}],"replies":[{"embeddable":true,"href":"https:\/\/www.augelegalfiscal.com\/fr\/wp-json\/wp\/v2\/comments?post=1513"}],"version-history":[{"count":16,"href":"https:\/\/www.augelegalfiscal.com\/fr\/wp-json\/wp\/v2\/pages\/1513\/revisions"}],"predecessor-version":[{"id":15279,"href":"https:\/\/www.augelegalfiscal.com\/fr\/wp-json\/wp\/v2\/pages\/1513\/revisions\/15279"}],"up":[{"embeddable":true,"href":"https:\/\/www.augelegalfiscal.com\/fr\/wp-json\/wp\/v2\/pages\/1142"}],"wp:attachment":[{"href":"https:\/\/www.augelegalfiscal.com\/fr\/wp-json\/wp\/v2\/media?parent=1513"}],"curies":[{"name":"wp","href":"https:\/\/api.w.org\/{rel}","templated":true}]}}