{"id":1255,"date":"2020-03-23T18:25:03","date_gmt":"2020-03-23T17:25:03","guid":{"rendered":"https:\/\/www.augelegalfiscal.com\/ag-embry-on\/"},"modified":"2023-03-09T18:23:48","modified_gmt":"2023-03-09T17:23:48","slug":"ag-embry-on","status":"publish","type":"page","link":"https:\/\/www.augelegalfiscal.com\/fr\/ag-embry-on\/","title":{"rendered":"AG Embry-on"},"content":{"rendered":"\t\t<div data-elementor-type=\"wp-page\" data-elementor-id=\"1255\" class=\"elementor elementor-1255 elementor-735\" data-elementor-post-type=\"page\">\n\t\t\t\t\t\t<section class=\"elementor-section elementor-top-section elementor-element elementor-element-1d3ac1d1 elementor-section-full_width elementor-section-height-default elementor-section-height-default\" data-id=\"1d3ac1d1\" data-element_type=\"section\" data-settings=\"{&quot;background_background&quot;:&quot;classic&quot;}\">\n\t\t\t\t\t\t<div class=\"elementor-container elementor-column-gap-default\">\n\t\t\t\t\t<div class=\"elementor-column elementor-col-50 elementor-top-column elementor-element elementor-element-7bf21ff4\" data-id=\"7bf21ff4\" data-element_type=\"column\" data-settings=\"{&quot;background_background&quot;:&quot;classic&quot;}\">\n\t\t\t<div class=\"elementor-widget-wrap elementor-element-populated\">\n\t\t\t\t\t<div class=\"elementor-background-overlay\"><\/div>\n\t\t\t\t\t\t<div class=\"elementor-element elementor-element-ec00a48 elementor-widget elementor-widget-image\" data-id=\"ec00a48\" data-element_type=\"widget\" data-widget_type=\"image.default\">\n\t\t\t\t<div class=\"elementor-widget-container\">\n\t\t\t\t\t\t\t\t\t\t\t\t\t\t\t<img fetchpriority=\"high\" decoding=\"async\" width=\"726\" height=\"441\" src=\"https:\/\/www.augelegalfiscal.com\/wp-content\/uploads\/2020\/10\/Auge-embryon.png\" class=\"attachment-full size-full wp-image-3562\" alt=\"\" srcset=\"https:\/\/www.augelegalfiscal.com\/wp-content\/uploads\/2020\/10\/Auge-embryon.png 726w, https:\/\/www.augelegalfiscal.com\/wp-content\/uploads\/2020\/10\/Auge-embryon-300x182.png 300w\" sizes=\"(max-width: 726px) 100vw, 726px\" \/>\t\t\t\t\t\t\t\t\t\t\t\t\t\t\t<\/div>\n\t\t\t\t<\/div>\n\t\t\t\t<div class=\"elementor-element elementor-element-11b4051a elementor-widget elementor-widget-heading\" data-id=\"11b4051a\" data-element_type=\"widget\" data-widget_type=\"heading.default\">\n\t\t\t\t<div class=\"elementor-widget-container\">\n\t\t\t\t\t<h2 class=\"elementor-heading-title elementor-size-default\">Le vivier<\/h2>\t\t\t\t<\/div>\n\t\t\t\t<\/div>\n\t\t\t\t<div class=\"elementor-element elementor-element-64d71bde elementor-widget elementor-widget-text-editor\" data-id=\"64d71bde\" data-element_type=\"widget\" data-widget_type=\"text-editor.default\">\n\t\t\t\t<div class=\"elementor-widget-container\">\n\t\t\t\t\t\t\t\t\t<p><strong>AG Embry-ON est le fruit de la volont\u00e9 de notre groupe d\u2019entreprises de lancer des projets innovants qui apportent une valeur ajout\u00e9e susceptibles de r\u00e9volutionner la conception actuelle du mod\u00e8le d\u2019entreprise.<\/strong><\/p>\n<p>L\u2019\u00e9quilibre entre le talent \u00e0 d\u00e9velopper et l\u2019investissement en qu\u00eate de diversification constante a pouss\u00e9 notre \u00e9quipe \u00e0 miser sur un projet sans pr\u00e9c\u00e9dent en Andorre qui pr\u00e9tend modestement \u00eatre l\u2019\u00e9picentre de la naissance d\u2019initiatives de r\u00e9f\u00e9rence nationale et internationale gr\u00e2ce au savoir-faire de notre \u00e9quipe \u00e9conomique, \u00e0 l\u2019exp\u00e9rience et l\u2019expertise de nos professionnels pluridisciplinaires et au soutien institutionnel dont jouit notre direction.<\/p>\n\t\t\t\t\t\t\t\t<\/div>\n\t\t\t\t<\/div>\n\t\t\t\t\t<\/div>\n\t\t<\/div>\n\t\t\t\t<div class=\"elementor-column elementor-col-50 elementor-top-column elementor-element elementor-element-71130524 elementor-hidden-phone\" data-id=\"71130524\" data-element_type=\"column\" data-settings=\"{&quot;background_background&quot;:&quot;classic&quot;}\">\n\t\t\t<div class=\"elementor-widget-wrap elementor-element-populated\">\n\t\t\t\t\t\t<div class=\"elementor-element elementor-element-f993f2b elementor-widget elementor-widget-spacer\" data-id=\"f993f2b\" data-element_type=\"widget\" data-widget_type=\"spacer.default\">\n\t\t\t\t<div class=\"elementor-widget-container\">\n\t\t\t\t\t\t\t<div class=\"elementor-spacer\">\n\t\t\t<div class=\"elementor-spacer-inner\"><\/div>\n\t\t<\/div>\n\t\t\t\t\t\t<\/div>\n\t\t\t\t<\/div>\n\t\t\t\t\t<\/div>\n\t\t<\/div>\n\t\t\t\t\t<\/div>\n\t\t<\/section>\n\t\t\t\t<section class=\"elementor-section elementor-top-section elementor-element elementor-element-2c44034b elementor-section-boxed elementor-section-height-default elementor-section-height-default\" data-id=\"2c44034b\" data-element_type=\"section\" id=\"como-funciona\" data-settings=\"{&quot;background_background&quot;:&quot;classic&quot;}\">\n\t\t\t\t\t\t<div class=\"elementor-container elementor-column-gap-default\">\n\t\t\t\t\t<div class=\"elementor-column elementor-col-100 elementor-top-column elementor-element elementor-element-b768b29\" data-id=\"b768b29\" data-element_type=\"column\">\n\t\t\t<div class=\"elementor-widget-wrap elementor-element-populated\">\n\t\t\t\t\t\t<div class=\"elementor-element elementor-element-385ea6b4 elementor-widget elementor-widget-heading\" data-id=\"385ea6b4\" data-element_type=\"widget\" data-widget_type=\"heading.default\">\n\t\t\t\t<div class=\"elementor-widget-container\">\n\t\t\t\t\t<h3 class=\"elementor-heading-title elementor-size-default\">Comment fonctionne le vivier?<\/h3>\t\t\t\t<\/div>\n\t\t\t\t<\/div>\n\t\t\t\t<div class=\"elementor-element elementor-element-72709b5d elementor-widget elementor-widget-accordion\" data-id=\"72709b5d\" data-element_type=\"widget\" data-widget_type=\"accordion.default\">\n\t\t\t\t<div class=\"elementor-widget-container\">\n\t\t\t\t\t\t\t<div class=\"elementor-accordion\">\n\t\t\t\t\t\t\t<div class=\"elementor-accordion-item\">\n\t\t\t\t\t<div id=\"elementor-tab-title-1911\" class=\"elementor-tab-title\" data-tab=\"1\" role=\"button\" aria-controls=\"elementor-tab-content-1911\" aria-expanded=\"false\">\n\t\t\t\t\t\t\t\t\t\t\t\t\t<span class=\"elementor-accordion-icon elementor-accordion-icon-left\" aria-hidden=\"true\">\n\t\t\t\t\t\t\t\t\t\t\t\t\t\t\t<span class=\"elementor-accordion-icon-closed\"><i class=\"fas fa-chevron-down\"><\/i><\/span>\n\t\t\t\t\t\t\t\t<span class=\"elementor-accordion-icon-opened\"><i class=\"fas fa-chevron-up\"><\/i><\/span>\n\t\t\t\t\t\t\t\t\t\t\t\t\t\t<\/span>\n\t\t\t\t\t\t\t\t\t\t\t\t<a class=\"elementor-accordion-title\" tabindex=\"0\"><\/a>\n\t\t\t\t\t<\/div>\n\t\t\t\t\t<div id=\"elementor-tab-content-1911\" class=\"elementor-tab-content elementor-clearfix\" data-tab=\"1\" role=\"region\" aria-labelledby=\"elementor-tab-title-1911\"><p>Bien que le fonctionnement interne du vivier soit assez complexe, il part d\u2019une id\u00e9e tr\u00e8s simple: l\u2019union entre le talent et l\u2019investissement. Nombreuses sont les initiatives nationales et internationales qui ne parviennent pas \u00e0 fructifier par manque de soutien financier ou d\u2019orientation correcte \u00e0 travers un plan de viabilit\u00e9 r\u00e9aliste et \u00e9chelonn\u00e9. Par ailleurs, tout le monde sait que de plus en plus d\u2019investisseurs recherchent une diversification optimale afin de rentabiliser leur patrimoine le plus possible, notamment en raison de la faible rentabilit\u00e9 des actifs financiers, entre autres produits d\u2019investissement.<\/p>\n<p>&nbsp;<\/p>\n<p><strong>Comment fonctionne AG Embry-ON?<\/strong> Nous sommes plong\u00e9s au c\u0153ur de cette r\u00e9alit\u00e9. Notre t\u00e2che consiste \u00e0 doter les projets qui pr\u00e9sentent un certain potentiel de tous les \u00e9l\u00e9ments qui garantissent le succ\u00e8s et l\u2019attrait de l\u2019investissement. Notre \u00e9quipe d\u2019experts analyse, corrige, \u00e9labore et d\u00e9veloppe l\u2019id\u00e9e embryonnaire initiale re\u00e7ue afin de cr\u00e9er les plans d\u2019entreprise, les r\u00e9sum\u00e9s financiers et les dossiers d\u2019investissement qui s\u2019adaptent \u00e0 la perfection au profil des investisseurs potentiels et peuvent avoir une acceptation prometteuse sur le march\u00e9.<\/p>\n<\/div>\n\t\t\t\t<\/div>\n\t\t\t\t\t\t\t\t<\/div>\n\t\t\t\t\t\t<\/div>\n\t\t\t\t<\/div>\n\t\t\t\t\t<\/div>\n\t\t<\/div>\n\t\t\t\t\t<\/div>\n\t\t<\/section>\n\t\t\t\t<section class=\"elementor-section elementor-top-section elementor-element elementor-element-b0b33d7 elementor-section-boxed elementor-section-height-default elementor-section-height-default\" data-id=\"b0b33d7\" data-element_type=\"section\" id=\"como-trabajamos\" data-settings=\"{&quot;background_background&quot;:&quot;classic&quot;}\">\n\t\t\t\t\t\t<div class=\"elementor-container elementor-column-gap-default\">\n\t\t\t\t\t<div class=\"elementor-column elementor-col-100 elementor-top-column elementor-element elementor-element-fe59998\" data-id=\"fe59998\" data-element_type=\"column\">\n\t\t\t<div class=\"elementor-widget-wrap elementor-element-populated\">\n\t\t\t\t\t\t<div class=\"elementor-element elementor-element-95fa2db elementor-widget elementor-widget-heading\" data-id=\"95fa2db\" data-element_type=\"widget\" data-widget_type=\"heading.default\">\n\t\t\t\t<div class=\"elementor-widget-container\">\n\t\t\t\t\t<h3 class=\"elementor-heading-title elementor-size-default\">Comment travaillons-nous?<\/h3>\t\t\t\t<\/div>\n\t\t\t\t<\/div>\n\t\t\t\t<div class=\"elementor-element elementor-element-67d9881 elementor-widget elementor-widget-accordion\" data-id=\"67d9881\" data-element_type=\"widget\" data-widget_type=\"accordion.default\">\n\t\t\t\t<div class=\"elementor-widget-container\">\n\t\t\t\t\t\t\t<div class=\"elementor-accordion\">\n\t\t\t\t\t\t\t<div class=\"elementor-accordion-item\">\n\t\t\t\t\t<div id=\"elementor-tab-title-1081\" class=\"elementor-tab-title\" data-tab=\"1\" role=\"button\" aria-controls=\"elementor-tab-content-1081\" aria-expanded=\"false\">\n\t\t\t\t\t\t\t\t\t\t\t\t\t<span class=\"elementor-accordion-icon elementor-accordion-icon-left\" aria-hidden=\"true\">\n\t\t\t\t\t\t\t\t\t\t\t\t\t\t\t<span class=\"elementor-accordion-icon-closed\"><i class=\"fas fa-chevron-down\"><\/i><\/span>\n\t\t\t\t\t\t\t\t<span class=\"elementor-accordion-icon-opened\"><i class=\"fas fa-chevron-up\"><\/i><\/span>\n\t\t\t\t\t\t\t\t\t\t\t\t\t\t<\/span>\n\t\t\t\t\t\t\t\t\t\t\t\t<a class=\"elementor-accordion-title\" tabindex=\"0\"><\/a>\n\t\t\t\t\t<\/div>\n\t\t\t\t\t<div id=\"elementor-tab-content-1081\" class=\"elementor-tab-content elementor-clearfix\" data-tab=\"1\" role=\"region\" aria-labelledby=\"elementor-tab-title-1081\"><p>Le travail de notre \u00e9quipe repose sur l\u2019\u00e9tude pr\u00e9liminaire de l\u2019id\u00e9e que nous captons, suivie d\u2019un long processus de d\u00e9veloppement et de suivi qui, plut\u00f4t que de se terminer au moment o\u00f9 le projet est remis aux investisseurs potentiels, continue ind\u00e9finiment et nous permet d\u2019accompagner de pr\u00e8s toutes les initiatives que nous lan\u00e7ons.<\/p>\n<p>&nbsp;<\/p>\n<p>Nos professionnels analysent scrupuleusement la conjoncture et le march\u00e9 actuel potentiel de l\u2019id\u00e9e embryonnaire afin de pouvoir faire une premi\u00e8re \u00e9tude de viabilit\u00e9 nationale et internationale. Nous \u00e9valuons soigneusement les besoins d\u2019investissements initiaux ainsi que la viabilit\u00e9 de ceux-ci jusqu\u2019au point mort du projet \u00e0 travers l\u2019analyse d\u00e9taill\u00e9e des structures de revenus et de d\u00e9penses fixes et variables.<\/p>\n<p>&nbsp;<\/p>\n<p>Une fois la prospection \u00e9conomique analys\u00e9e en profondeur, l\u2019\u00e9quipe d\u2019\u00e9conomistes de notre vivier \u00e9labore tous les ratios et les \u00e9tudes de rentabilit\u00e9 du projet en \u00e9valuant les implications de la diff\u00e9rence entre la plus-value dudit projet, son b\u00e9n\u00e9fice net et le cash flow r\u00e9current accumul\u00e9 dans un d\u00e9lai annuel d\u00e9termin\u00e9.<\/p>\n<p>&nbsp;<\/p>\n<p>En plus d\u2019envisager tous les aspects \u00e9conomiques, nous cherchons des synergies avec le secteur public et priv\u00e9 en vue d\u2019optimiser les ressources et les co\u00fbts du projet et proposons une initiative transversale et plurielle. Nous travaillons \u00e9galement avec des graphistes, des ing\u00e9nieurs et des architectes et collaborons avec d\u2019autres professionnels exp\u00e9riment\u00e9s du secteur des viviers, de l\u2019acc\u00e9l\u00e9ration et du venture capital qui dotent nos plans d\u2019entreprise d\u2019un niveau technique extr\u00eamement \u00e9lev\u00e9.<\/p>\n<\/div>\n\t\t\t\t<\/div>\n\t\t\t\t\t\t\t\t<\/div>\n\t\t\t\t\t\t<\/div>\n\t\t\t\t<\/div>\n\t\t\t\t\t<\/div>\n\t\t<\/div>\n\t\t\t\t\t<\/div>\n\t\t<\/section>\n\t\t\t\t<section class=\"elementor-section elementor-top-section elementor-element elementor-element-02dfa96 elementor-section-boxed elementor-section-height-default elementor-section-height-default\" data-id=\"02dfa96\" data-element_type=\"section\" id=\"inversion-cualificada\" data-settings=\"{&quot;background_background&quot;:&quot;classic&quot;}\">\n\t\t\t\t\t\t<div class=\"elementor-container elementor-column-gap-default\">\n\t\t\t\t\t<div class=\"elementor-column elementor-col-100 elementor-top-column elementor-element elementor-element-485695e\" data-id=\"485695e\" data-element_type=\"column\">\n\t\t\t<div class=\"elementor-widget-wrap elementor-element-populated\">\n\t\t\t\t\t\t<div class=\"elementor-element elementor-element-2a98d6c elementor-widget elementor-widget-heading\" data-id=\"2a98d6c\" data-element_type=\"widget\" data-widget_type=\"heading.default\">\n\t\t\t\t<div class=\"elementor-widget-container\">\n\t\t\t\t\t<h3 class=\"elementor-heading-title elementor-size-default\">Investissement qualifi\u00e9<\/h3>\t\t\t\t<\/div>\n\t\t\t\t<\/div>\n\t\t\t\t<div class=\"elementor-element elementor-element-a11d658 elementor-widget elementor-widget-accordion\" data-id=\"a11d658\" data-element_type=\"widget\" data-widget_type=\"accordion.default\">\n\t\t\t\t<div class=\"elementor-widget-container\">\n\t\t\t\t\t\t\t<div class=\"elementor-accordion\">\n\t\t\t\t\t\t\t<div class=\"elementor-accordion-item\">\n\t\t\t\t\t<div id=\"elementor-tab-title-1681\" class=\"elementor-tab-title\" data-tab=\"1\" role=\"button\" aria-controls=\"elementor-tab-content-1681\" aria-expanded=\"false\">\n\t\t\t\t\t\t\t\t\t\t\t\t\t<span class=\"elementor-accordion-icon elementor-accordion-icon-left\" aria-hidden=\"true\">\n\t\t\t\t\t\t\t\t\t\t\t\t\t\t\t<span class=\"elementor-accordion-icon-closed\"><i class=\"fas fa-chevron-down\"><\/i><\/span>\n\t\t\t\t\t\t\t\t<span class=\"elementor-accordion-icon-opened\"><i class=\"fas fa-chevron-up\"><\/i><\/span>\n\t\t\t\t\t\t\t\t\t\t\t\t\t\t<\/span>\n\t\t\t\t\t\t\t\t\t\t\t\t<a class=\"elementor-accordion-title\" tabindex=\"0\"><\/a>\n\t\t\t\t\t<\/div>\n\t\t\t\t\t<div id=\"elementor-tab-content-1681\" class=\"elementor-tab-content elementor-clearfix\" data-tab=\"1\" role=\"region\" aria-labelledby=\"elementor-tab-title-1681\"><p>La taille et le caract\u00e8re multidisciplinaire d\u2019Aug\u00e9 Grup nous ont amen\u00e9s \u00e0 renforcer nos relations avec des professionnels et chefs d\u2019entreprises des secteurs \u00e9conomiques les plus divers. En ce sens, la volont\u00e9 d\u2019entreprendre, l\u2019envie de miser sur de nouvelles id\u00e9es ainsi que la motivation de nos collaborateurs, clients et contacts en g\u00e9n\u00e9ral nous ont pouss\u00e9s \u00e0 mettre en place une base solide d\u2019investisseurs potentiels qui sont toujours avides de d\u00e9couvrir les projets les plus passionnants et viables dans lesquels investir.<\/p>\n<p>&nbsp;<\/p>\n<p>Par ailleurs, notre initiative d\u2019\u0153uvrer en faveur du pays et de capter des investissements \u00e9trangers qualifi\u00e9s nous a mis en contact avec des venture capitals \u00e9trangers qui souhaitent installer leur si\u00e8ge dans la Principaut\u00e9 d\u2019Andorre et disposent d\u2019un \u00e9norme soutien financier afin d\u2019investir dans des projets nationaux et internationaux, au service des clients de leurs fonds.<\/p>\n<\/div>\n\t\t\t\t<\/div>\n\t\t\t\t\t\t\t\t<\/div>\n\t\t\t\t\t\t<\/div>\n\t\t\t\t<\/div>\n\t\t\t\t\t<\/div>\n\t\t<\/div>\n\t\t\t\t\t<\/div>\n\t\t<\/section>\n\t\t\t\t<section class=\"elementor-section elementor-top-section elementor-element elementor-element-a98912c elementor-section-boxed elementor-section-height-default elementor-section-height-default\" data-id=\"a98912c\" data-element_type=\"section\">\n\t\t\t\t\t\t<div class=\"elementor-container elementor-column-gap-default\">\n\t\t\t\t\t<div class=\"elementor-column elementor-col-100 elementor-top-column elementor-element elementor-element-cae07e9\" data-id=\"cae07e9\" data-element_type=\"column\">\n\t\t\t<div class=\"elementor-widget-wrap elementor-element-populated\">\n\t\t\t\t\t\t<div class=\"elementor-element elementor-element-b0f7660 elementor-widget elementor-widget-heading\" data-id=\"b0f7660\" data-element_type=\"widget\" data-widget_type=\"heading.default\">\n\t\t\t\t<div class=\"elementor-widget-container\">\n\t\t\t\t\t<h3 class=\"elementor-heading-title elementor-size-default\">Secteurs<\/h3>\t\t\t\t<\/div>\n\t\t\t\t<\/div>\n\t\t\t\t\t<\/div>\n\t\t<\/div>\n\t\t\t\t\t<\/div>\n\t\t<\/section>\n\t\t\t\t<section class=\"elementor-section elementor-top-section elementor-element elementor-element-7427b67 elementor-section-boxed elementor-section-height-default elementor-section-height-default\" data-id=\"7427b67\" data-element_type=\"section\">\n\t\t\t\t\t\t<div class=\"elementor-container elementor-column-gap-default\">\n\t\t\t\t\t<div class=\"elementor-column elementor-col-100 elementor-top-column elementor-element elementor-element-2ef1815\" data-id=\"2ef1815\" data-element_type=\"column\">\n\t\t\t<div class=\"elementor-widget-wrap elementor-element-populated\">\n\t\t\t\t\t\t<div class=\"elementor-element elementor-element-4bcdcc2 elementor-widget elementor-widget-heading\" data-id=\"4bcdcc2\" data-element_type=\"widget\" data-widget_type=\"heading.default\">\n\t\t\t\t<div class=\"elementor-widget-container\">\n\t\t\t\t\t<h3 class=\"elementor-heading-title elementor-size-default\">Applications mobiles<\/h3>\t\t\t\t<\/div>\n\t\t\t\t<\/div>\n\t\t\t\t<div class=\"elementor-element elementor-element-0a1e1ed elementor-widget elementor-widget-accordion\" data-id=\"0a1e1ed\" data-element_type=\"widget\" data-widget_type=\"accordion.default\">\n\t\t\t\t<div class=\"elementor-widget-container\">\n\t\t\t\t\t\t\t<div class=\"elementor-accordion\">\n\t\t\t\t\t\t\t<div class=\"elementor-accordion-item\">\n\t\t\t\t\t<div id=\"elementor-tab-title-1061\" class=\"elementor-tab-title\" data-tab=\"1\" role=\"button\" aria-controls=\"elementor-tab-content-1061\" aria-expanded=\"false\">\n\t\t\t\t\t\t\t\t\t\t\t\t\t<span class=\"elementor-accordion-icon elementor-accordion-icon-left\" aria-hidden=\"true\">\n\t\t\t\t\t\t\t\t\t\t\t\t\t\t\t<span class=\"elementor-accordion-icon-closed\"><i class=\"fas fa-chevron-down\"><\/i><\/span>\n\t\t\t\t\t\t\t\t<span class=\"elementor-accordion-icon-opened\"><i class=\"fas fa-chevron-up\"><\/i><\/span>\n\t\t\t\t\t\t\t\t\t\t\t\t\t\t<\/span>\n\t\t\t\t\t\t\t\t\t\t\t\t<a class=\"elementor-accordion-title\" tabindex=\"0\"><\/a>\n\t\t\t\t\t<\/div>\n\t\t\t\t\t<div id=\"elementor-tab-content-1061\" class=\"elementor-tab-content elementor-clearfix\" data-tab=\"1\" role=\"region\" aria-labelledby=\"elementor-tab-title-1061\"><p>En ce XXIe si\u00e8cle, rares sont les mod\u00e8les \u00e9conomiques qui n\u2019ont pas encore \u00e9t\u00e9 propos\u00e9s ou d\u00e9velopp\u00e9s \u00e0 travers les applications mobiles. Cela n\u2019est pas un secret. La plupart de nos clients ayant bas\u00e9 leur activit\u00e9 \u00e9conomique sur le d\u00e9veloppement, le positionnement voire sur la commercialisation d\u2019applications mobiles, il s\u2019agit d\u2019un secteur que nous ma\u00eetrisons tr\u00e8s bien.<\/p>\n<p>Outre son souhait de stimuler la projection des mod\u00e8les actuels de d\u00e9veloppement \u00e9conomique li\u00e9s aux \u00ab applis \u00bb, Aug\u00e9 Legal&amp;Fiscal ma\u00eetrise toutes les d\u00e9marches l\u00e9gales \u00e0 r\u00e9aliser au niveau des structures et op\u00e9rations des soci\u00e9t\u00e9s qui y sont li\u00e9es.<\/p>\n<p>Nous sommes donc la meilleure option pour assurer le suivi de votre projet li\u00e9 aux applications pour dispositifs mobiles ou sites web dans la Principaut\u00e9 d\u2019Andorre.<\/p>\n<\/div>\n\t\t\t\t<\/div>\n\t\t\t\t\t\t\t\t<\/div>\n\t\t\t\t\t\t<\/div>\n\t\t\t\t<\/div>\n\t\t\t\t\t<\/div>\n\t\t<\/div>\n\t\t\t\t\t<\/div>\n\t\t<\/section>\n\t\t\t\t<section class=\"elementor-section elementor-top-section elementor-element elementor-element-a55296b elementor-section-boxed elementor-section-height-default elementor-section-height-default\" data-id=\"a55296b\" data-element_type=\"section\">\n\t\t\t\t\t\t<div class=\"elementor-container elementor-column-gap-default\">\n\t\t\t\t\t<div class=\"elementor-column elementor-col-100 elementor-top-column elementor-element elementor-element-b89f81c\" data-id=\"b89f81c\" data-element_type=\"column\">\n\t\t\t<div class=\"elementor-widget-wrap elementor-element-populated\">\n\t\t\t\t\t\t<div class=\"elementor-element elementor-element-bb0bdb4 elementor-widget elementor-widget-heading\" data-id=\"bb0bdb4\" data-element_type=\"widget\" data-widget_type=\"heading.default\">\n\t\t\t\t<div class=\"elementor-widget-container\">\n\t\t\t\t\t<h3 class=\"elementor-heading-title elementor-size-default\">E-Sports<\/h3>\t\t\t\t<\/div>\n\t\t\t\t<\/div>\n\t\t\t\t<div class=\"elementor-element elementor-element-c0871b8 elementor-widget elementor-widget-accordion\" data-id=\"c0871b8\" data-element_type=\"widget\" data-widget_type=\"accordion.default\">\n\t\t\t\t<div class=\"elementor-widget-container\">\n\t\t\t\t\t\t\t<div class=\"elementor-accordion\">\n\t\t\t\t\t\t\t<div class=\"elementor-accordion-item\">\n\t\t\t\t\t<div id=\"elementor-tab-title-2011\" class=\"elementor-tab-title\" data-tab=\"1\" role=\"button\" aria-controls=\"elementor-tab-content-2011\" aria-expanded=\"false\">\n\t\t\t\t\t\t\t\t\t\t\t\t\t<span class=\"elementor-accordion-icon elementor-accordion-icon-left\" aria-hidden=\"true\">\n\t\t\t\t\t\t\t\t\t\t\t\t\t\t\t<span class=\"elementor-accordion-icon-closed\"><i class=\"fas fa-chevron-down\"><\/i><\/span>\n\t\t\t\t\t\t\t\t<span class=\"elementor-accordion-icon-opened\"><i class=\"fas fa-chevron-up\"><\/i><\/span>\n\t\t\t\t\t\t\t\t\t\t\t\t\t\t<\/span>\n\t\t\t\t\t\t\t\t\t\t\t\t<a class=\"elementor-accordion-title\" tabindex=\"0\"><\/a>\n\t\t\t\t\t<\/div>\n\t\t\t\t\t<div id=\"elementor-tab-content-2011\" class=\"elementor-tab-content elementor-clearfix\" data-tab=\"1\" role=\"region\" aria-labelledby=\"elementor-tab-title-2011\"><p>Les E-sports sont devenus une v\u00e9ritable industrie du divertissement adapt\u00e9e \u00e0 l\u2019\u00e9volution de la mentalit\u00e9 des loisirs, notamment chez la g\u00e9n\u00e9ration. Y. La hausse de la popularit\u00e9 de ces disciplines a \u00e9t\u00e9 directement proportionnelle au passage des ann\u00e9es depuis que le premier jeu vid\u00e9o a \u00e9t\u00e9 lanc\u00e9 sur le march\u00e9.<\/p>\n<p>Parmi les paradigmes d\u2019activit\u00e9s \u00e9conomiques actuels figurent l\u2019organisation d\u2019\u00e9v\u00e9nements, la participation \u00e0 des championnats nationaux et internationaux ou la cr\u00e9ation d\u2019espaces r\u00e9cr\u00e9atifs et le lien au monde des parrainages. Par cons\u00e9quent, compte tenu de la pr\u00e9sence d\u2019Aug\u00e9 Legal&amp;Fiscal d\u00e8s l\u2019av\u00e8nement de ce monde et de sa participation au d\u00e9veloppement profond qu\u2019il conna\u00eetra au sein de la juridiction andorrane gr\u00e2ce au soutien public et priv\u00e9, tout projet li\u00e9 au secteur des E-games et des E-sports deviendra un v\u00e9ritable cheval de bataille pour notre groupe.<\/p>\n<\/div>\n\t\t\t\t<\/div>\n\t\t\t\t\t\t\t\t<\/div>\n\t\t\t\t\t\t<\/div>\n\t\t\t\t<\/div>\n\t\t\t\t\t<\/div>\n\t\t<\/div>\n\t\t\t\t\t<\/div>\n\t\t<\/section>\n\t\t\t\t<section class=\"elementor-section elementor-top-section elementor-element elementor-element-fec04be elementor-section-boxed elementor-section-height-default elementor-section-height-default\" data-id=\"fec04be\" data-element_type=\"section\">\n\t\t\t\t\t\t<div class=\"elementor-container elementor-column-gap-default\">\n\t\t\t\t\t<div class=\"elementor-column elementor-col-100 elementor-top-column elementor-element elementor-element-c3c4aa8\" data-id=\"c3c4aa8\" data-element_type=\"column\">\n\t\t\t<div class=\"elementor-widget-wrap elementor-element-populated\">\n\t\t\t\t\t\t<div class=\"elementor-element elementor-element-657ea0b elementor-widget elementor-widget-heading\" data-id=\"657ea0b\" data-element_type=\"widget\" data-widget_type=\"heading.default\">\n\t\t\t\t<div class=\"elementor-widget-container\">\n\t\t\t\t\t<h3 class=\"elementor-heading-title elementor-size-default\">Production et commercialisation offline\/online<\/h3>\t\t\t\t<\/div>\n\t\t\t\t<\/div>\n\t\t\t\t<div class=\"elementor-element elementor-element-881f305 elementor-widget elementor-widget-accordion\" data-id=\"881f305\" data-element_type=\"widget\" data-widget_type=\"accordion.default\">\n\t\t\t\t<div class=\"elementor-widget-container\">\n\t\t\t\t\t\t\t<div class=\"elementor-accordion\">\n\t\t\t\t\t\t\t<div class=\"elementor-accordion-item\">\n\t\t\t\t\t<div id=\"elementor-tab-title-1421\" class=\"elementor-tab-title\" data-tab=\"1\" role=\"button\" aria-controls=\"elementor-tab-content-1421\" aria-expanded=\"false\">\n\t\t\t\t\t\t\t\t\t\t\t\t\t<span class=\"elementor-accordion-icon elementor-accordion-icon-left\" aria-hidden=\"true\">\n\t\t\t\t\t\t\t\t\t\t\t\t\t\t\t<span class=\"elementor-accordion-icon-closed\"><i class=\"fas fa-chevron-down\"><\/i><\/span>\n\t\t\t\t\t\t\t\t<span class=\"elementor-accordion-icon-opened\"><i class=\"fas fa-chevron-up\"><\/i><\/span>\n\t\t\t\t\t\t\t\t\t\t\t\t\t\t<\/span>\n\t\t\t\t\t\t\t\t\t\t\t\t<a class=\"elementor-accordion-title\" tabindex=\"0\"><\/a>\n\t\t\t\t\t<\/div>\n\t\t\t\t\t<div id=\"elementor-tab-content-1421\" class=\"elementor-tab-content elementor-clearfix\" data-tab=\"1\" role=\"region\" aria-labelledby=\"elementor-tab-title-1421\"><p>Bien que l\u2019E-commerce existe et qu\u2019il se soit consolid\u00e9 en tant que mod\u00e8le \u00e9conomique des plus rentable du monde, il ne faut pas perdre de vue que le caract\u00e8re tangible des produits, en d\u00e9pit de sa diminution, comportera toujours une plus-value lors de l\u2019achat. \u00c0 cet \u00e9gard, sans s\u2019\u00e9loigner du march\u00e9 physique, Aug\u00e9 Legal&amp;Fiscal mise de plus en plus sur le soutien aux entreprises int\u00e9ress\u00e9es par des mod\u00e8les hybrides, voire des mod\u00e8les purement num\u00e9riques.<\/p>\n<p>Les plateformes de dropshipping ont repr\u00e9sent\u00e9 un point d\u2019inflexion quant \u00e0 la mani\u00e8re de concevoir le commerce, l\u2019organisation des stocks ainsi que les m\u00e9canismes d\u2019achat et la d\u00e9finition des responsabilit\u00e9s. La simplicit\u00e9 juridique d\u2019un commerce physique peut contraster avec les innombrables vicissitudes de son \u00e9quivalent en ligne en termes de stockage, de fiscalit\u00e9 directe et d\u2019aspects aussi controvers\u00e9s que les \u00e9tablissements permanents.<\/p>\n<p>Que vous ayez une entreprise hybride, online ou offline, notre bureau d\u2019\u00e9tudes constitue la meilleure option pour assurer la r\u00e9alisation et le suivi int\u00e9gral de projets commerciaux.<\/p>\n<\/div>\n\t\t\t\t<\/div>\n\t\t\t\t\t\t\t\t<\/div>\n\t\t\t\t\t\t<\/div>\n\t\t\t\t<\/div>\n\t\t\t\t\t<\/div>\n\t\t<\/div>\n\t\t\t\t\t<\/div>\n\t\t<\/section>\n\t\t\t\t<section class=\"elementor-section elementor-top-section elementor-element elementor-element-6bc8aec elementor-section-boxed elementor-section-height-default elementor-section-height-default\" data-id=\"6bc8aec\" data-element_type=\"section\">\n\t\t\t\t\t\t<div class=\"elementor-container elementor-column-gap-default\">\n\t\t\t\t\t<div class=\"elementor-column elementor-col-100 elementor-top-column elementor-element elementor-element-ad0e5ad\" data-id=\"ad0e5ad\" data-element_type=\"column\">\n\t\t\t<div class=\"elementor-widget-wrap elementor-element-populated\">\n\t\t\t\t\t\t<div class=\"elementor-element elementor-element-33886fe elementor-widget elementor-widget-heading\" data-id=\"33886fe\" data-element_type=\"widget\" data-widget_type=\"heading.default\">\n\t\t\t\t<div class=\"elementor-widget-container\">\n\t\t\t\t\t<h3 class=\"elementor-heading-title elementor-size-default\">Restauration, h\u00f4tellerie et tourisme<\/h3>\t\t\t\t<\/div>\n\t\t\t\t<\/div>\n\t\t\t\t<div class=\"elementor-element elementor-element-f996c0c elementor-widget elementor-widget-accordion\" data-id=\"f996c0c\" data-element_type=\"widget\" data-widget_type=\"accordion.default\">\n\t\t\t\t<div class=\"elementor-widget-container\">\n\t\t\t\t\t\t\t<div class=\"elementor-accordion\">\n\t\t\t\t\t\t\t<div class=\"elementor-accordion-item\">\n\t\t\t\t\t<div id=\"elementor-tab-title-2611\" class=\"elementor-tab-title\" data-tab=\"1\" role=\"button\" aria-controls=\"elementor-tab-content-2611\" aria-expanded=\"false\">\n\t\t\t\t\t\t\t\t\t\t\t\t\t<span class=\"elementor-accordion-icon elementor-accordion-icon-left\" aria-hidden=\"true\">\n\t\t\t\t\t\t\t\t\t\t\t\t\t\t\t<span class=\"elementor-accordion-icon-closed\"><i class=\"fas fa-chevron-down\"><\/i><\/span>\n\t\t\t\t\t\t\t\t<span class=\"elementor-accordion-icon-opened\"><i class=\"fas fa-chevron-up\"><\/i><\/span>\n\t\t\t\t\t\t\t\t\t\t\t\t\t\t<\/span>\n\t\t\t\t\t\t\t\t\t\t\t\t<a class=\"elementor-accordion-title\" tabindex=\"0\"><\/a>\n\t\t\t\t\t<\/div>\n\t\t\t\t\t<div id=\"elementor-tab-content-2611\" class=\"elementor-tab-content elementor-clearfix\" data-tab=\"1\" role=\"region\" aria-labelledby=\"elementor-tab-title-2611\"><p>Un des aspects essentiels de la red\u00e9finition de la Marque Andorre passera par la vocation manifeste de changement des mod\u00e8les traditionnels qui ont profond\u00e9ment marqu\u00e9 l\u2019\u00e9conomie du pays. Nous arrivons \u00e0 la fin d\u2019une \u00e9tape du mod\u00e8le touristique et h\u00f4telier traditionnel.<\/p>\n<p>La conjoncture nous oblige \u00e0 perfectionner notre mod\u00e8le de service afin que l\u2019excellence de l\u2019Andorre devienne la principale image de marque pour le public-cible susceptible de mener sa vie et ses affaires en Andorre et de dynamiser notre \u00e9conomie, au passage. ervicio al p\u00fablico para que la excelencia de nuestro pa\u00eds sea el principal reclamo para targets susceptibles de desarrollar su vida y negocios en Andorra que, a la vez, dinamicen nuestra econom\u00eda.<\/p>\n<p>L\u2019incontestable vocation institutionnelle de notre groupe et les connaissances du secteur h\u00f4telier du pays nous ont permis d\u2019identifier clairement les mod\u00e8les de restauration et d\u2019attraction du tourisme vou\u00e9s au succ\u00e8s dans la Principaut\u00e9. En plus de nos conseils juridiques et fiscaux, nous vous proposons une vision compl\u00e8te de la viabilit\u00e9 de vos projets conform\u00e9ment \u00e0 l\u2019\u00e9volution naturelle du pays.<\/p>\n<\/div>\n\t\t\t\t<\/div>\n\t\t\t\t\t\t\t\t<\/div>\n\t\t\t\t\t\t<\/div>\n\t\t\t\t<\/div>\n\t\t\t\t\t<\/div>\n\t\t<\/div>\n\t\t\t\t\t<\/div>\n\t\t<\/section>\n\t\t\t\t<section class=\"elementor-section elementor-top-section elementor-element elementor-element-f1c3212 elementor-section-boxed elementor-section-height-default elementor-section-height-default\" data-id=\"f1c3212\" data-element_type=\"section\">\n\t\t\t\t\t\t<div class=\"elementor-container elementor-column-gap-default\">\n\t\t\t\t\t<div class=\"elementor-column elementor-col-100 elementor-top-column elementor-element elementor-element-d4261d1\" data-id=\"d4261d1\" data-element_type=\"column\">\n\t\t\t<div class=\"elementor-widget-wrap elementor-element-populated\">\n\t\t\t\t\t\t<div class=\"elementor-element elementor-element-7b7d78b elementor-widget elementor-widget-heading\" data-id=\"7b7d78b\" data-element_type=\"widget\" data-widget_type=\"heading.default\">\n\t\t\t\t<div class=\"elementor-widget-container\">\n\t\t\t\t\t<h3 class=\"elementor-heading-title elementor-size-default\">Formation<\/h3>\t\t\t\t<\/div>\n\t\t\t\t<\/div>\n\t\t\t\t<div class=\"elementor-element elementor-element-9491947 elementor-widget elementor-widget-accordion\" data-id=\"9491947\" data-element_type=\"widget\" data-widget_type=\"accordion.default\">\n\t\t\t\t<div class=\"elementor-widget-container\">\n\t\t\t\t\t\t\t<div class=\"elementor-accordion\">\n\t\t\t\t\t\t\t<div class=\"elementor-accordion-item\">\n\t\t\t\t\t<div id=\"elementor-tab-title-1551\" class=\"elementor-tab-title\" data-tab=\"1\" role=\"button\" aria-controls=\"elementor-tab-content-1551\" aria-expanded=\"false\">\n\t\t\t\t\t\t\t\t\t\t\t\t\t<span class=\"elementor-accordion-icon elementor-accordion-icon-left\" aria-hidden=\"true\">\n\t\t\t\t\t\t\t\t\t\t\t\t\t\t\t<span class=\"elementor-accordion-icon-closed\"><i class=\"fas fa-chevron-down\"><\/i><\/span>\n\t\t\t\t\t\t\t\t<span class=\"elementor-accordion-icon-opened\"><i class=\"fas fa-chevron-up\"><\/i><\/span>\n\t\t\t\t\t\t\t\t\t\t\t\t\t\t<\/span>\n\t\t\t\t\t\t\t\t\t\t\t\t<a class=\"elementor-accordion-title\" tabindex=\"0\"><\/a>\n\t\t\t\t\t<\/div>\n\t\t\t\t\t<div id=\"elementor-tab-content-1551\" class=\"elementor-tab-content elementor-clearfix\" data-tab=\"1\" role=\"region\" aria-labelledby=\"elementor-tab-title-1551\"><p>Le mod\u00e8le de l\u2019enseignement sup\u00e9rieur de l\u2019Andorre tend \u00e0 devenir de plus en plus inclusif. Cependant, de nombreuses disciplines \u00e9ducatives essentielles \u00e0 la viabilit\u00e9 des entreprises de la Principaut\u00e9 font encore d\u00e9faut.<\/p>\n<p>Cette r\u00e9alit\u00e9 offre des opportunit\u00e9s uniques aux entreprises internationales li\u00e9es au monde de l\u2019enseignement, des mati\u00e8res plut\u00f4t traditionnelles comme la prestation de services h\u00f4teliers, aux cours plus sophistiqu\u00e9s comme les formations li\u00e9es au marketing num\u00e9rique. Une infinit\u00e9 de domaines de sp\u00e9cialisation \u00e9ducative seront capitaux pour le d\u00e9veloppement d\u2019une masse critique d\u00fbment form\u00e9e pour travailler au sein des entreprises qui d\u00e9cident s\u2019installer en Andorre.<\/p>\n<p>Par ailleurs, la mise en place d\u2019un mod\u00e8le d\u2019enseignement sup\u00e9rieur d\u2019excellence poussera des \u00e9tudiants du monde entier \u00e0 venir se former dans un pays o\u00f9 ce domaine n\u2019est pas encore exploit\u00e9. Fort de ses connaissances de tous les mod\u00e8les \u00e9ducatifs susceptibles d\u2019\u00eatre fructueux et de sa facilit\u00e9 d\u2019acc\u00e8s aux instances institutionnelles susceptibles de miser sur un projet s\u00e9rieux, le bureau Aug\u00e9 Legal&amp;Fiscal peut devenir votre conseiller de choix.<\/p>\n<\/div>\n\t\t\t\t<\/div>\n\t\t\t\t\t\t\t\t<\/div>\n\t\t\t\t\t\t<\/div>\n\t\t\t\t<\/div>\n\t\t\t\t\t<\/div>\n\t\t<\/div>\n\t\t\t\t\t<\/div>\n\t\t<\/section>\n\t\t\t\t<\/div>\n\t\t","protected":false},"excerpt":{"rendered":"<p>Le vivier AG Embry-ON est le fruit de la volont\u00e9 de notre groupe d\u2019entreprises de lancer des projets innovants qui apportent une valeur ajout\u00e9e susceptibles de r\u00e9volutionner la conception actuelle du mod\u00e8le d\u2019entreprise. L\u2019\u00e9quilibre entre le talent \u00e0 d\u00e9velopper et l\u2019investissement en qu\u00eate de diversification constante a pouss\u00e9 notre \u00e9quipe \u00e0 miser sur un projet [&hellip;]<\/p>\n","protected":false},"author":1,"featured_media":0,"parent":0,"menu_order":0,"comment_status":"closed","ping_status":"closed","template":"","meta":{"_acf_changed":false,"footnotes":""},"class_list":["post-1255","page","type-page","status-publish","hentry"],"acf":[],"_links":{"self":[{"href":"https:\/\/www.augelegalfiscal.com\/fr\/wp-json\/wp\/v2\/pages\/1255","targetHints":{"allow":["GET"]}}],"collection":[{"href":"https:\/\/www.augelegalfiscal.com\/fr\/wp-json\/wp\/v2\/pages"}],"about":[{"href":"https:\/\/www.augelegalfiscal.com\/fr\/wp-json\/wp\/v2\/types\/page"}],"author":[{"embeddable":true,"href":"https:\/\/www.augelegalfiscal.com\/fr\/wp-json\/wp\/v2\/users\/1"}],"replies":[{"embeddable":true,"href":"https:\/\/www.augelegalfiscal.com\/fr\/wp-json\/wp\/v2\/comments?post=1255"}],"version-history":[{"count":4,"href":"https:\/\/www.augelegalfiscal.com\/fr\/wp-json\/wp\/v2\/pages\/1255\/revisions"}],"predecessor-version":[{"id":7391,"href":"https:\/\/www.augelegalfiscal.com\/fr\/wp-json\/wp\/v2\/pages\/1255\/revisions\/7391"}],"wp:attachment":[{"href":"https:\/\/www.augelegalfiscal.com\/fr\/wp-json\/wp\/v2\/media?parent=1255"}],"curies":[{"name":"wp","href":"https:\/\/api.w.org\/{rel}","templated":true}]}}