{"id":8684,"date":"2023-07-10T17:12:36","date_gmt":"2023-07-10T15:12:36","guid":{"rendered":"https:\/\/www.augelegalfiscal.com\/actualitat\/"},"modified":"2023-07-11T10:57:36","modified_gmt":"2023-07-11T08:57:36","slug":"actualitat","status":"publish","type":"page","link":"https:\/\/www.augelegalfiscal.com\/ca\/actualitat\/","title":{"rendered":"Actualitat"},"content":{"rendered":"\t\t<div data-elementor-type=\"wp-page\" data-elementor-id=\"8684\" class=\"elementor elementor-8684 elementor-7514\" data-elementor-post-type=\"page\">\n\t\t\t\t\t\t<section class=\"elementor-section elementor-top-section elementor-element elementor-element-01b9a25 elementor-section-boxed elementor-section-height-default elementor-section-height-default\" data-id=\"01b9a25\" data-element_type=\"section\" data-settings=\"{&quot;background_background&quot;:&quot;classic&quot;}\">\n\t\t\t\t\t\t<div class=\"elementor-container elementor-column-gap-default\">\n\t\t\t\t\t<div class=\"elementor-column elementor-col-100 elementor-top-column elementor-element elementor-element-cbcafd4\" data-id=\"cbcafd4\" data-element_type=\"column\">\n\t\t\t<div class=\"elementor-widget-wrap elementor-element-populated\">\n\t\t\t\t\t\t<div class=\"elementor-element elementor-element-6a2e414 elementor-widget elementor-widget-heading\" data-id=\"6a2e414\" data-element_type=\"widget\" data-widget_type=\"heading.default\">\n\t\t\t\t<div class=\"elementor-widget-container\">\n\t\t\t\t\t<h1 class=\"elementor-heading-title elementor-size-default\">Actualitat<\/h1>\t\t\t\t<\/div>\n\t\t\t\t<\/div>\n\t\t\t\t<section class=\"elementor-section elementor-inner-section elementor-element elementor-element-4d8faa4 elementor-section-boxed elementor-section-height-default elementor-section-height-default\" data-id=\"4d8faa4\" data-element_type=\"section\">\n\t\t\t\t\t\t<div class=\"elementor-container elementor-column-gap-default\">\n\t\t\t\t\t<div class=\"elementor-column elementor-col-100 elementor-inner-column elementor-element elementor-element-5a563f8\" data-id=\"5a563f8\" data-element_type=\"column\">\n\t\t\t<div class=\"elementor-widget-wrap elementor-element-populated\">\n\t\t\t\t\t\t<div class=\"elementor-element elementor-element-54fdb4b elementor-grid-1 elementor-grid-tablet-1 elementor-grid-mobile-1 elementor-widget elementor-widget-loop-grid\" data-id=\"54fdb4b\" data-element_type=\"widget\" data-settings=\"{&quot;template_id&quot;:8702,&quot;columns&quot;:1,&quot;row_gap&quot;:{&quot;unit&quot;:&quot;px&quot;,&quot;size&quot;:50,&quot;sizes&quot;:[]},&quot;columns_tablet&quot;:1,&quot;_skin&quot;:&quot;post&quot;,&quot;columns_mobile&quot;:&quot;1&quot;,&quot;edit_handle_selector&quot;:&quot;[data-elementor-type=\\&quot;loop-item\\&quot;]&quot;,&quot;row_gap_tablet&quot;:{&quot;unit&quot;:&quot;px&quot;,&quot;size&quot;:&quot;&quot;,&quot;sizes&quot;:[]},&quot;row_gap_mobile&quot;:{&quot;unit&quot;:&quot;px&quot;,&quot;size&quot;:&quot;&quot;,&quot;sizes&quot;:[]}}\" data-widget_type=\"loop-grid.post\">\n\t\t\t\t<div class=\"elementor-widget-container\">\n\t\t\t\t\t\t\t<div class=\"elementor-loop-container elementor-grid\">\n\t\t<style id=\"loop-8702\">.elementor-8702 .elementor-element.elementor-element-64bdab0 > .elementor-element-populated{border-style:solid;border-width:0px 01px 0px 0px;border-color:var( --e-global-color-primary );padding:10px 20px 10px 10px;}.elementor-widget-button .elementor-button{background-color:var( --e-global-color-accent );font-family:var( --e-global-typography-accent-font-family ), Sans-serif;font-size:var( --e-global-typography-accent-font-size );font-weight:var( --e-global-typography-accent-font-weight );text-transform:var( --e-global-typography-accent-text-transform );font-style:var( --e-global-typography-accent-font-style );line-height:var( --e-global-typography-accent-line-height );}.elementor-8702 .elementor-element.elementor-element-cdbbfaa .elementor-button:hover, .elementor-8702 .elementor-element.elementor-element-cdbbfaa .elementor-button:focus{background-color:var( --e-global-color-secondary );color:var( --e-global-color-751afaa1 );}.elementor-8702 .elementor-element.elementor-element-cdbbfaa .elementor-button{font-family:\"Work Sans\", Sans-serif;font-size:18px;font-weight:500;text-transform:uppercase;font-style:italic;line-height:1em;fill:var( --e-global-color-751afaa1 );color:var( --e-global-color-751afaa1 );border-radius:0px 0px 0px 0px;}.elementor-8702 .elementor-element.elementor-element-cdbbfaa .elementor-button:hover svg, .elementor-8702 .elementor-element.elementor-element-cdbbfaa .elementor-button:focus svg{fill:var( --e-global-color-751afaa1 );}.elementor-8702 .elementor-element.elementor-element-f6c2f63 > .elementor-element-populated{padding:0px 0px 0px 30px;}.elementor-widget-theme-post-title .elementor-heading-title{font-family:var( --e-global-typography-primary-font-family ), Sans-serif;font-size:var( --e-global-typography-primary-font-size );font-weight:var( --e-global-typography-primary-font-weight );text-transform:var( --e-global-typography-primary-text-transform );font-style:var( --e-global-typography-primary-font-style );text-decoration:var( --e-global-typography-primary-text-decoration );line-height:var( --e-global-typography-primary-line-height );letter-spacing:var( --e-global-typography-primary-letter-spacing );color:var( --e-global-color-primary );}.elementor-8702 .elementor-element.elementor-element-c4f787e .elementor-heading-title{font-family:\"Raleway\", Sans-serif;font-size:40px;font-weight:800;text-transform:capitalize;font-style:normal;text-decoration:none;line-height:1.1em;letter-spacing:0px;color:var( --e-global-color-text );}.elementor-widget-theme-post-excerpt .elementor-widget-container{color:var( --e-global-color-text );font-family:var( --e-global-typography-text-font-family ), Sans-serif;font-size:var( --e-global-typography-text-font-size );font-weight:var( --e-global-typography-text-font-weight );text-transform:var( --e-global-typography-text-text-transform );line-height:var( --e-global-typography-text-line-height );letter-spacing:var( --e-global-typography-text-letter-spacing );}.elementor-8702 .elementor-element.elementor-element-f16851c .elementor-widget-container{font-family:\"Work Sans\", Sans-serif;font-size:18px;font-weight:300;text-transform:none;line-height:1.3em;letter-spacing:0px;}@media(max-width:1024px){.elementor-widget-button .elementor-button{font-size:var( --e-global-typography-accent-font-size );line-height:var( --e-global-typography-accent-line-height );}.elementor-widget-theme-post-title .elementor-heading-title{font-size:var( --e-global-typography-primary-font-size );line-height:var( --e-global-typography-primary-line-height );letter-spacing:var( --e-global-typography-primary-letter-spacing );}.elementor-8702 .elementor-element.elementor-element-c4f787e .elementor-heading-title{font-size:30px;}.elementor-widget-theme-post-excerpt .elementor-widget-container{font-size:var( --e-global-typography-text-font-size );line-height:var( --e-global-typography-text-line-height );letter-spacing:var( --e-global-typography-text-letter-spacing );}}@media(min-width:768px){.elementor-8702 .elementor-element.elementor-element-64bdab0{width:22%;}.elementor-8702 .elementor-element.elementor-element-f6c2f63{width:78%;}}@media(max-width:1024px) and (min-width:768px){.elementor-8702 .elementor-element.elementor-element-64bdab0{width:25%;}.elementor-8702 .elementor-element.elementor-element-f6c2f63{width:75%;}}@media(max-width:767px){.elementor-8702 .elementor-element.elementor-element-64bdab0 > .elementor-element-populated{border-width:0px 0px 00px 0px;}.elementor-widget-button .elementor-button{font-size:var( --e-global-typography-accent-font-size );line-height:var( --e-global-typography-accent-line-height );}.elementor-8702 .elementor-element.elementor-element-f6c2f63 > .elementor-element-populated{padding:10px 10px 10px 10px;}.elementor-widget-theme-post-title .elementor-heading-title{font-size:var( --e-global-typography-primary-font-size );line-height:var( --e-global-typography-primary-line-height );letter-spacing:var( --e-global-typography-primary-letter-spacing );}.elementor-8702 .elementor-element.elementor-element-c4f787e .elementor-heading-title{font-size:25px;}.elementor-widget-theme-post-excerpt .elementor-widget-container{font-size:var( --e-global-typography-text-font-size );line-height:var( --e-global-typography-text-line-height );letter-spacing:var( --e-global-typography-text-letter-spacing );}}<\/style>\t\t<div data-elementor-type=\"loop-item\" data-elementor-id=\"8702\" class=\"elementor elementor-8702 elementor-7748 e-loop-item e-loop-item-10857 post-10857 actualidad type-actualidad status-publish hentry\" data-elementor-post-type=\"elementor_library\" data-custom-edit-handle=\"1\">\n\t\t\t\t\t<section class=\"elementor-section elementor-top-section elementor-element elementor-element-eac24b3 elementor-section-boxed elementor-section-height-default elementor-section-height-default\" data-id=\"eac24b3\" data-element_type=\"section\">\n\t\t\t\t\t\t<div class=\"elementor-container elementor-column-gap-default\">\n\t\t\t\t\t<div class=\"elementor-column elementor-col-50 elementor-top-column elementor-element elementor-element-64bdab0\" data-id=\"64bdab0\" data-element_type=\"column\">\n\t\t\t<div class=\"elementor-widget-wrap elementor-element-populated\">\n\t\t\t\t\t\t<div class=\"elementor-element elementor-element-cdbbfaa elementor-align-left elementor-widget elementor-widget-button\" data-id=\"cdbbfaa\" data-element_type=\"widget\" data-widget_type=\"button.default\">\n\t\t\t\t<div class=\"elementor-widget-container\">\n\t\t\t\t\t\t\t\t\t<div class=\"elementor-button-wrapper\">\n\t\t\t\t\t<a class=\"elementor-button elementor-button-link elementor-size-sm elementor-animation-float\" href=\"https:\/\/www.augelegalfiscal.com\/ca\/actualidad\/decret-249-2024-del-19-6-2024-pel-qual-s-aprova-el-reglament-dels-espais-compartits-de-treball-o-coworking\/\">\n\t\t\t\t\t\t<span class=\"elementor-button-content-wrapper\">\n\t\t\t\t\t\t\t\t\t<span class=\"elementor-button-text\">LLEGIR M\u00c9S<\/span>\n\t\t\t\t\t<\/span>\n\t\t\t\t\t<\/a>\n\t\t\t\t<\/div>\n\t\t\t\t\t\t\t\t<\/div>\n\t\t\t\t<\/div>\n\t\t\t\t\t<\/div>\n\t\t<\/div>\n\t\t\t\t<div class=\"elementor-column elementor-col-50 elementor-top-column elementor-element elementor-element-f6c2f63\" data-id=\"f6c2f63\" data-element_type=\"column\">\n\t\t\t<div class=\"elementor-widget-wrap elementor-element-populated\">\n\t\t\t\t\t\t<div class=\"elementor-element elementor-element-c4f787e elementor-widget elementor-widget-theme-post-title elementor-page-title elementor-widget-heading\" data-id=\"c4f787e\" data-element_type=\"widget\" data-widget_type=\"theme-post-title.default\">\n\t\t\t\t<div class=\"elementor-widget-container\">\n\t\t\t\t\t<h1 class=\"elementor-heading-title elementor-size-default\">Decret 249\/2024, del 19-6-2024, pel qual s\u2019aprova el Reglament dels espais compartits de treball o coworking<\/h1>\t\t\t\t<\/div>\n\t\t\t\t<\/div>\n\t\t\t\t<div class=\"elementor-element elementor-element-f16851c elementor-widget elementor-widget-theme-post-excerpt\" data-id=\"f16851c\" data-element_type=\"widget\" data-widget_type=\"theme-post-excerpt.default\">\n\t\t\t\t<div class=\"elementor-widget-container\">\n\t\t\t\t\tCada vegada m\u00e9s, estem veient a les vitrines de les immobili\u00e0ries, o a les pancartes publicit\u00e0ries la paraula COWORKING i \u00e9s que aquest concepte a anat adquirint popularitat en els darrers anys, i s\u00f3n moltes les persones que es plantegen la pregunta: per\u00f2 en realitat, que \u00e9s un coworking?[...]\t\t\t\t<\/div>\n\t\t\t\t<\/div>\n\t\t\t\t\t<\/div>\n\t\t<\/div>\n\t\t\t\t\t<\/div>\n\t\t<\/section>\n\t\t\t\t<\/div>\n\t\t\t\t<div data-elementor-type=\"loop-item\" data-elementor-id=\"8702\" class=\"elementor elementor-8702 elementor-7748 e-loop-item e-loop-item-10820 post-10820 actualidad type-actualidad status-publish hentry\" data-elementor-post-type=\"elementor_library\" data-custom-edit-handle=\"1\">\n\t\t\t\t\t<section class=\"elementor-section elementor-top-section elementor-element elementor-element-eac24b3 elementor-section-boxed elementor-section-height-default elementor-section-height-default\" data-id=\"eac24b3\" data-element_type=\"section\">\n\t\t\t\t\t\t<div class=\"elementor-container elementor-column-gap-default\">\n\t\t\t\t\t<div class=\"elementor-column elementor-col-50 elementor-top-column elementor-element elementor-element-64bdab0\" data-id=\"64bdab0\" data-element_type=\"column\">\n\t\t\t<div class=\"elementor-widget-wrap elementor-element-populated\">\n\t\t\t\t\t\t<div class=\"elementor-element elementor-element-cdbbfaa elementor-align-left elementor-widget elementor-widget-button\" data-id=\"cdbbfaa\" data-element_type=\"widget\" data-widget_type=\"button.default\">\n\t\t\t\t<div class=\"elementor-widget-container\">\n\t\t\t\t\t\t\t\t\t<div class=\"elementor-button-wrapper\">\n\t\t\t\t\t<a class=\"elementor-button elementor-button-link elementor-size-sm elementor-animation-float\" href=\"https:\/\/www.augelegalfiscal.com\/ca\/actualidad\/observatori-de-la-marca-andorra-xxxvi-turisme-de-qualitat-versus-turisme-massiu\/\">\n\t\t\t\t\t\t<span class=\"elementor-button-content-wrapper\">\n\t\t\t\t\t\t\t\t\t<span class=\"elementor-button-text\">LLEGIR M\u00c9S<\/span>\n\t\t\t\t\t<\/span>\n\t\t\t\t\t<\/a>\n\t\t\t\t<\/div>\n\t\t\t\t\t\t\t\t<\/div>\n\t\t\t\t<\/div>\n\t\t\t\t\t<\/div>\n\t\t<\/div>\n\t\t\t\t<div class=\"elementor-column elementor-col-50 elementor-top-column elementor-element elementor-element-f6c2f63\" data-id=\"f6c2f63\" data-element_type=\"column\">\n\t\t\t<div class=\"elementor-widget-wrap elementor-element-populated\">\n\t\t\t\t\t\t<div class=\"elementor-element elementor-element-c4f787e elementor-widget elementor-widget-theme-post-title elementor-page-title elementor-widget-heading\" data-id=\"c4f787e\" data-element_type=\"widget\" data-widget_type=\"theme-post-title.default\">\n\t\t\t\t<div class=\"elementor-widget-container\">\n\t\t\t\t\t<h1 class=\"elementor-heading-title elementor-size-default\">Observatori de la Marca Andorra (XXXVI): Turisme de qualitat versus Turisme massiu<\/h1>\t\t\t\t<\/div>\n\t\t\t\t<\/div>\n\t\t\t\t<div class=\"elementor-element elementor-element-f16851c elementor-widget elementor-widget-theme-post-excerpt\" data-id=\"f16851c\" data-element_type=\"widget\" data-widget_type=\"theme-post-excerpt.default\">\n\t\t\t\t<div class=\"elementor-widget-container\">\n\t\t\t\t\tEl text del Sr. Aug\u00e9 destaca l'evoluci\u00f3 del turisme a Andorra, assenyalant que a principis dels 2000 es van assolir 12 milions de turistes, xifra que va descendir a menys de 8 milions durant la crisi financera global de 2010\/11. Per afrontar la crisi, Andorra va liberalitzar la inversi\u00f3 estrangera,[...]\t\t\t\t<\/div>\n\t\t\t\t<\/div>\n\t\t\t\t\t<\/div>\n\t\t<\/div>\n\t\t\t\t\t<\/div>\n\t\t<\/section>\n\t\t\t\t<\/div>\n\t\t\t\t<div data-elementor-type=\"loop-item\" data-elementor-id=\"8702\" class=\"elementor elementor-8702 elementor-7748 e-loop-item e-loop-item-10809 post-10809 actualidad type-actualidad status-publish hentry\" data-elementor-post-type=\"elementor_library\" data-custom-edit-handle=\"1\">\n\t\t\t\t\t<section class=\"elementor-section elementor-top-section elementor-element elementor-element-eac24b3 elementor-section-boxed elementor-section-height-default elementor-section-height-default\" data-id=\"eac24b3\" data-element_type=\"section\">\n\t\t\t\t\t\t<div class=\"elementor-container elementor-column-gap-default\">\n\t\t\t\t\t<div class=\"elementor-column elementor-col-50 elementor-top-column elementor-element elementor-element-64bdab0\" data-id=\"64bdab0\" data-element_type=\"column\">\n\t\t\t<div class=\"elementor-widget-wrap elementor-element-populated\">\n\t\t\t\t\t\t<div class=\"elementor-element elementor-element-cdbbfaa elementor-align-left elementor-widget elementor-widget-button\" data-id=\"cdbbfaa\" data-element_type=\"widget\" data-widget_type=\"button.default\">\n\t\t\t\t<div class=\"elementor-widget-container\">\n\t\t\t\t\t\t\t\t\t<div class=\"elementor-button-wrapper\">\n\t\t\t\t\t<a class=\"elementor-button elementor-button-link elementor-size-sm elementor-animation-float\" href=\"https:\/\/www.augelegalfiscal.com\/ca\/actualidad\/allargament-del-termini-i-declaracio-de-les-dades-sobre-la-bretxa-salarial\/\">\n\t\t\t\t\t\t<span class=\"elementor-button-content-wrapper\">\n\t\t\t\t\t\t\t\t\t<span class=\"elementor-button-text\">LLEGIR M\u00c9S<\/span>\n\t\t\t\t\t<\/span>\n\t\t\t\t\t<\/a>\n\t\t\t\t<\/div>\n\t\t\t\t\t\t\t\t<\/div>\n\t\t\t\t<\/div>\n\t\t\t\t\t<\/div>\n\t\t<\/div>\n\t\t\t\t<div class=\"elementor-column elementor-col-50 elementor-top-column elementor-element elementor-element-f6c2f63\" data-id=\"f6c2f63\" data-element_type=\"column\">\n\t\t\t<div class=\"elementor-widget-wrap elementor-element-populated\">\n\t\t\t\t\t\t<div class=\"elementor-element elementor-element-c4f787e elementor-widget elementor-widget-theme-post-title elementor-page-title elementor-widget-heading\" data-id=\"c4f787e\" data-element_type=\"widget\" data-widget_type=\"theme-post-title.default\">\n\t\t\t\t<div class=\"elementor-widget-container\">\n\t\t\t\t\t<h1 class=\"elementor-heading-title elementor-size-default\">Allargament del termini i declaraci\u00f3 de les dades sobre la bretxa salarial<\/h1>\t\t\t\t<\/div>\n\t\t\t\t<\/div>\n\t\t\t\t<div class=\"elementor-element elementor-element-f16851c elementor-widget elementor-widget-theme-post-excerpt\" data-id=\"f16851c\" data-element_type=\"widget\" data-widget_type=\"theme-post-excerpt.default\">\n\t\t\t\t<div class=\"elementor-widget-container\">\n\t\t\t\t\tEl Govern ha acordat ampliar fins a final d\u2019any el termini perqu\u00e8 les empreses puguin complir amb l\u2019obligaci\u00f3 d\u2019introduir les dades al Registre sobre la bretxa salarial entre homes i dones.[...]\t\t\t\t<\/div>\n\t\t\t\t<\/div>\n\t\t\t\t\t<\/div>\n\t\t<\/div>\n\t\t\t\t\t<\/div>\n\t\t<\/section>\n\t\t\t\t<\/div>\n\t\t\t\t<div data-elementor-type=\"loop-item\" data-elementor-id=\"8702\" class=\"elementor elementor-8702 elementor-7748 e-loop-item e-loop-item-10771 post-10771 actualidad type-actualidad status-publish hentry\" data-elementor-post-type=\"elementor_library\" data-custom-edit-handle=\"1\">\n\t\t\t\t\t<section class=\"elementor-section elementor-top-section elementor-element elementor-element-eac24b3 elementor-section-boxed elementor-section-height-default elementor-section-height-default\" data-id=\"eac24b3\" data-element_type=\"section\">\n\t\t\t\t\t\t<div class=\"elementor-container elementor-column-gap-default\">\n\t\t\t\t\t<div class=\"elementor-column elementor-col-50 elementor-top-column elementor-element elementor-element-64bdab0\" data-id=\"64bdab0\" data-element_type=\"column\">\n\t\t\t<div class=\"elementor-widget-wrap elementor-element-populated\">\n\t\t\t\t\t\t<div class=\"elementor-element elementor-element-cdbbfaa elementor-align-left elementor-widget elementor-widget-button\" data-id=\"cdbbfaa\" data-element_type=\"widget\" data-widget_type=\"button.default\">\n\t\t\t\t<div class=\"elementor-widget-container\">\n\t\t\t\t\t\t\t\t\t<div class=\"elementor-button-wrapper\">\n\t\t\t\t\t<a class=\"elementor-button elementor-button-link elementor-size-sm elementor-animation-float\" href=\"https:\/\/www.augelegalfiscal.com\/ca\/actualidad\/decret-113-2024-domini-ad\/\">\n\t\t\t\t\t\t<span class=\"elementor-button-content-wrapper\">\n\t\t\t\t\t\t\t\t\t<span class=\"elementor-button-text\">LLEGIR M\u00c9S<\/span>\n\t\t\t\t\t<\/span>\n\t\t\t\t\t<\/a>\n\t\t\t\t<\/div>\n\t\t\t\t\t\t\t\t<\/div>\n\t\t\t\t<\/div>\n\t\t\t\t\t<\/div>\n\t\t<\/div>\n\t\t\t\t<div class=\"elementor-column elementor-col-50 elementor-top-column elementor-element elementor-element-f6c2f63\" data-id=\"f6c2f63\" data-element_type=\"column\">\n\t\t\t<div class=\"elementor-widget-wrap elementor-element-populated\">\n\t\t\t\t\t\t<div class=\"elementor-element elementor-element-c4f787e elementor-widget elementor-widget-theme-post-title elementor-page-title elementor-widget-heading\" data-id=\"c4f787e\" data-element_type=\"widget\" data-widget_type=\"theme-post-title.default\">\n\t\t\t\t<div class=\"elementor-widget-container\">\n\t\t\t\t\t<h1 class=\"elementor-heading-title elementor-size-default\">El Decret 113\/2024, del 20 de mars de 2024, pel qual s\u2019aprova el reglament de transici\u00f3 i obertura de registre de noms de domini \u201c.ad\u201d<\/h1>\t\t\t\t<\/div>\n\t\t\t\t<\/div>\n\t\t\t\t<div class=\"elementor-element elementor-element-f16851c elementor-widget elementor-widget-theme-post-excerpt\" data-id=\"f16851c\" data-element_type=\"widget\" data-widget_type=\"theme-post-excerpt.default\">\n\t\t\t\t<div class=\"elementor-widget-container\">\n\t\t\t\t\tLa evoluci\u00f3 exponencial del m\u00f3n digital i del comer\u00e7 electr\u00f2nic, ha exigit una actualitzaci\u00f3 progressiva del procediment de registre de nom de domini \u201c.ad\u201d. En aquest context, el registre de noms de domini constitueix actualment una pe\u00e7a fonamental en la construcci\u00f3 i protecci\u00f3 de la identitat en l\u00ednia, d'empreses, organitzacions[...]\t\t\t\t<\/div>\n\t\t\t\t<\/div>\n\t\t\t\t\t<\/div>\n\t\t<\/div>\n\t\t\t\t\t<\/div>\n\t\t<\/section>\n\t\t\t\t<\/div>\n\t\t\t\t<div data-elementor-type=\"loop-item\" data-elementor-id=\"8702\" class=\"elementor elementor-8702 elementor-7748 e-loop-item e-loop-item-10697 post-10697 actualidad type-actualidad status-publish hentry\" data-elementor-post-type=\"elementor_library\" data-custom-edit-handle=\"1\">\n\t\t\t\t\t<section class=\"elementor-section elementor-top-section elementor-element elementor-element-eac24b3 elementor-section-boxed elementor-section-height-default elementor-section-height-default\" data-id=\"eac24b3\" data-element_type=\"section\">\n\t\t\t\t\t\t<div class=\"elementor-container elementor-column-gap-default\">\n\t\t\t\t\t<div class=\"elementor-column elementor-col-50 elementor-top-column elementor-element elementor-element-64bdab0\" data-id=\"64bdab0\" data-element_type=\"column\">\n\t\t\t<div class=\"elementor-widget-wrap elementor-element-populated\">\n\t\t\t\t\t\t<div class=\"elementor-element elementor-element-cdbbfaa elementor-align-left elementor-widget elementor-widget-button\" data-id=\"cdbbfaa\" data-element_type=\"widget\" data-widget_type=\"button.default\">\n\t\t\t\t<div class=\"elementor-widget-container\">\n\t\t\t\t\t\t\t\t\t<div class=\"elementor-button-wrapper\">\n\t\t\t\t\t<a class=\"elementor-button elementor-button-link elementor-size-sm elementor-animation-float\" href=\"https:\/\/www.augelegalfiscal.com\/ca\/actualidad\/andorra-i-la-nova-llei-de-la-llengua-propia-i-oficial\/\">\n\t\t\t\t\t\t<span class=\"elementor-button-content-wrapper\">\n\t\t\t\t\t\t\t\t\t<span class=\"elementor-button-text\">LLEGIR M\u00c9S<\/span>\n\t\t\t\t\t<\/span>\n\t\t\t\t\t<\/a>\n\t\t\t\t<\/div>\n\t\t\t\t\t\t\t\t<\/div>\n\t\t\t\t<\/div>\n\t\t\t\t\t<\/div>\n\t\t<\/div>\n\t\t\t\t<div class=\"elementor-column elementor-col-50 elementor-top-column elementor-element elementor-element-f6c2f63\" data-id=\"f6c2f63\" data-element_type=\"column\">\n\t\t\t<div class=\"elementor-widget-wrap elementor-element-populated\">\n\t\t\t\t\t\t<div class=\"elementor-element elementor-element-c4f787e elementor-widget elementor-widget-theme-post-title elementor-page-title elementor-widget-heading\" data-id=\"c4f787e\" data-element_type=\"widget\" data-widget_type=\"theme-post-title.default\">\n\t\t\t\t<div class=\"elementor-widget-container\">\n\t\t\t\t\t<h1 class=\"elementor-heading-title elementor-size-default\">Andorra i la nova Llei de la llengua pr\u00f2pia i oficial<\/h1>\t\t\t\t<\/div>\n\t\t\t\t<\/div>\n\t\t\t\t<div class=\"elementor-element elementor-element-f16851c elementor-widget elementor-widget-theme-post-excerpt\" data-id=\"f16851c\" data-element_type=\"widget\" data-widget_type=\"theme-post-excerpt.default\">\n\t\t\t\t<div class=\"elementor-widget-container\">\n\t\t\t\t\tEn data 29 de maig del 2024, va sortir publicada al BOPA una nova llei que podr\u00edem considerar com a \u00e8pica atenent a que exigeix de manera clara i concisa el fet de tenir un nivell m\u00ednim de catal\u00e0, com a llengua oficial del Principat, tal i com s\u2019indica en[...]\t\t\t\t<\/div>\n\t\t\t\t<\/div>\n\t\t\t\t\t<\/div>\n\t\t<\/div>\n\t\t\t\t\t<\/div>\n\t\t<\/section>\n\t\t\t\t<\/div>\n\t\t\t\t<div data-elementor-type=\"loop-item\" data-elementor-id=\"8702\" class=\"elementor elementor-8702 elementor-7748 e-loop-item e-loop-item-10677 post-10677 actualidad type-actualidad status-publish hentry\" data-elementor-post-type=\"elementor_library\" data-custom-edit-handle=\"1\">\n\t\t\t\t\t<section class=\"elementor-section elementor-top-section elementor-element elementor-element-eac24b3 elementor-section-boxed elementor-section-height-default elementor-section-height-default\" data-id=\"eac24b3\" data-element_type=\"section\">\n\t\t\t\t\t\t<div class=\"elementor-container elementor-column-gap-default\">\n\t\t\t\t\t<div class=\"elementor-column elementor-col-50 elementor-top-column elementor-element elementor-element-64bdab0\" data-id=\"64bdab0\" data-element_type=\"column\">\n\t\t\t<div class=\"elementor-widget-wrap elementor-element-populated\">\n\t\t\t\t\t\t<div class=\"elementor-element elementor-element-cdbbfaa elementor-align-left elementor-widget elementor-widget-button\" data-id=\"cdbbfaa\" data-element_type=\"widget\" data-widget_type=\"button.default\">\n\t\t\t\t<div class=\"elementor-widget-container\">\n\t\t\t\t\t\t\t\t\t<div class=\"elementor-button-wrapper\">\n\t\t\t\t\t<a class=\"elementor-button elementor-button-link elementor-size-sm elementor-animation-float\" href=\"https:\/\/www.augelegalfiscal.com\/ca\/actualidad\/observatori-de-la-marca-andorra-xxxiv-diplomacia-estrategia-i-geopolitica-digital\/\">\n\t\t\t\t\t\t<span class=\"elementor-button-content-wrapper\">\n\t\t\t\t\t\t\t\t\t<span class=\"elementor-button-text\">LLEGIR M\u00c9S<\/span>\n\t\t\t\t\t<\/span>\n\t\t\t\t\t<\/a>\n\t\t\t\t<\/div>\n\t\t\t\t\t\t\t\t<\/div>\n\t\t\t\t<\/div>\n\t\t\t\t\t<\/div>\n\t\t<\/div>\n\t\t\t\t<div class=\"elementor-column elementor-col-50 elementor-top-column elementor-element elementor-element-f6c2f63\" data-id=\"f6c2f63\" data-element_type=\"column\">\n\t\t\t<div class=\"elementor-widget-wrap elementor-element-populated\">\n\t\t\t\t\t\t<div class=\"elementor-element elementor-element-c4f787e elementor-widget elementor-widget-theme-post-title elementor-page-title elementor-widget-heading\" data-id=\"c4f787e\" data-element_type=\"widget\" data-widget_type=\"theme-post-title.default\">\n\t\t\t\t<div class=\"elementor-widget-container\">\n\t\t\t\t\t<h1 class=\"elementor-heading-title elementor-size-default\">Observatori de la Marca Andorra (XXXIV): Diplom\u00e0cia, estrat\u00e8gia i geopol\u00edtica digital<\/h1>\t\t\t\t<\/div>\n\t\t\t\t<\/div>\n\t\t\t\t<div class=\"elementor-element elementor-element-f16851c elementor-widget elementor-widget-theme-post-excerpt\" data-id=\"f16851c\" data-element_type=\"widget\" data-widget_type=\"theme-post-excerpt.default\">\n\t\t\t\t<div class=\"elementor-widget-container\">\n\t\t\t\t\tL'article de Pere Aug\u00e9 analitza el frac\u00e0s d'Andorra per organitzar la Copa del M\u00f3n d'Esqu\u00ed 2029 i 2031, destacant la necessitat d'aprendre d'aquest rev\u00e9s per a futures candidatures. Tamb\u00e9 menciona la campanya del govern per educar la poblaci\u00f3 sobre l'acord d'associaci\u00f3 amb la UE, que pot obrir noves oportunitats. Aug\u00e9[...]\t\t\t\t<\/div>\n\t\t\t\t<\/div>\n\t\t\t\t\t<\/div>\n\t\t<\/div>\n\t\t\t\t\t<\/div>\n\t\t<\/section>\n\t\t\t\t<\/div>\n\t\t\t\t<div data-elementor-type=\"loop-item\" data-elementor-id=\"8702\" class=\"elementor elementor-8702 elementor-7748 e-loop-item e-loop-item-10645 post-10645 actualidad type-actualidad status-publish hentry\" data-elementor-post-type=\"elementor_library\" data-custom-edit-handle=\"1\">\n\t\t\t\t\t<section class=\"elementor-section elementor-top-section elementor-element elementor-element-eac24b3 elementor-section-boxed elementor-section-height-default elementor-section-height-default\" data-id=\"eac24b3\" data-element_type=\"section\">\n\t\t\t\t\t\t<div class=\"elementor-container elementor-column-gap-default\">\n\t\t\t\t\t<div class=\"elementor-column elementor-col-50 elementor-top-column elementor-element elementor-element-64bdab0\" data-id=\"64bdab0\" data-element_type=\"column\">\n\t\t\t<div class=\"elementor-widget-wrap elementor-element-populated\">\n\t\t\t\t\t\t<div class=\"elementor-element elementor-element-cdbbfaa elementor-align-left elementor-widget elementor-widget-button\" data-id=\"cdbbfaa\" data-element_type=\"widget\" data-widget_type=\"button.default\">\n\t\t\t\t<div class=\"elementor-widget-container\">\n\t\t\t\t\t\t\t\t\t<div class=\"elementor-button-wrapper\">\n\t\t\t\t\t<a class=\"elementor-button elementor-button-link elementor-size-sm elementor-animation-float\" href=\"https:\/\/www.augelegalfiscal.com\/ca\/actualidad\/auditoria-de-comptes-una-nova-realitat-a-partir-de-2025\/\">\n\t\t\t\t\t\t<span class=\"elementor-button-content-wrapper\">\n\t\t\t\t\t\t\t\t\t<span class=\"elementor-button-text\">LLEGIR M\u00c9S<\/span>\n\t\t\t\t\t<\/span>\n\t\t\t\t\t<\/a>\n\t\t\t\t<\/div>\n\t\t\t\t\t\t\t\t<\/div>\n\t\t\t\t<\/div>\n\t\t\t\t\t<\/div>\n\t\t<\/div>\n\t\t\t\t<div class=\"elementor-column elementor-col-50 elementor-top-column elementor-element elementor-element-f6c2f63\" data-id=\"f6c2f63\" data-element_type=\"column\">\n\t\t\t<div class=\"elementor-widget-wrap elementor-element-populated\">\n\t\t\t\t\t\t<div class=\"elementor-element elementor-element-c4f787e elementor-widget elementor-widget-theme-post-title elementor-page-title elementor-widget-heading\" data-id=\"c4f787e\" data-element_type=\"widget\" data-widget_type=\"theme-post-title.default\">\n\t\t\t\t<div class=\"elementor-widget-container\">\n\t\t\t\t\t<h1 class=\"elementor-heading-title elementor-size-default\">Auditoria de comptes, una nova realitat a partir de 2025<\/h1>\t\t\t\t<\/div>\n\t\t\t\t<\/div>\n\t\t\t\t<div class=\"elementor-element elementor-element-f16851c elementor-widget elementor-widget-theme-post-excerpt\" data-id=\"f16851c\" data-element_type=\"widget\" data-widget_type=\"theme-post-excerpt.default\">\n\t\t\t\t<div class=\"elementor-widget-container\">\n\t\t\t\t\tL\u2019activitat de l'auditoria de comptes \u00e9s essencial per a la modernitat i la seguretat de qualsevol sistema econ\u00f2mic i financer, ja que proporciona seguretat jur\u00eddica i transpar\u00e8ncia a la informaci\u00f3 comptable de les empreses. El passat 27 de maig de 2024, el Consell General va aprovar la nova Llei d\u2019Auditoria,[...]\t\t\t\t<\/div>\n\t\t\t\t<\/div>\n\t\t\t\t\t<\/div>\n\t\t<\/div>\n\t\t\t\t\t<\/div>\n\t\t<\/section>\n\t\t\t\t<\/div>\n\t\t\t\t<div data-elementor-type=\"loop-item\" data-elementor-id=\"8702\" class=\"elementor elementor-8702 elementor-7748 e-loop-item e-loop-item-10618 post-10618 actualidad type-actualidad status-publish hentry\" data-elementor-post-type=\"elementor_library\" data-custom-edit-handle=\"1\">\n\t\t\t\t\t<section class=\"elementor-section elementor-top-section elementor-element elementor-element-eac24b3 elementor-section-boxed elementor-section-height-default elementor-section-height-default\" data-id=\"eac24b3\" data-element_type=\"section\">\n\t\t\t\t\t\t<div class=\"elementor-container elementor-column-gap-default\">\n\t\t\t\t\t<div class=\"elementor-column elementor-col-50 elementor-top-column elementor-element elementor-element-64bdab0\" data-id=\"64bdab0\" data-element_type=\"column\">\n\t\t\t<div class=\"elementor-widget-wrap elementor-element-populated\">\n\t\t\t\t\t\t<div class=\"elementor-element elementor-element-cdbbfaa elementor-align-left elementor-widget elementor-widget-button\" data-id=\"cdbbfaa\" data-element_type=\"widget\" data-widget_type=\"button.default\">\n\t\t\t\t<div class=\"elementor-widget-container\">\n\t\t\t\t\t\t\t\t\t<div class=\"elementor-button-wrapper\">\n\t\t\t\t\t<a class=\"elementor-button elementor-button-link elementor-size-sm elementor-animation-float\" href=\"https:\/\/www.augelegalfiscal.com\/ca\/actualidad\/observatori-de-la-marca-andorra-xxxiii-inversio-exterior-i-llibertat-destabliment\/\">\n\t\t\t\t\t\t<span class=\"elementor-button-content-wrapper\">\n\t\t\t\t\t\t\t\t\t<span class=\"elementor-button-text\">LLEGIR M\u00c9S<\/span>\n\t\t\t\t\t<\/span>\n\t\t\t\t\t<\/a>\n\t\t\t\t<\/div>\n\t\t\t\t\t\t\t\t<\/div>\n\t\t\t\t<\/div>\n\t\t\t\t\t<\/div>\n\t\t<\/div>\n\t\t\t\t<div class=\"elementor-column elementor-col-50 elementor-top-column elementor-element elementor-element-f6c2f63\" data-id=\"f6c2f63\" data-element_type=\"column\">\n\t\t\t<div class=\"elementor-widget-wrap elementor-element-populated\">\n\t\t\t\t\t\t<div class=\"elementor-element elementor-element-c4f787e elementor-widget elementor-widget-theme-post-title elementor-page-title elementor-widget-heading\" data-id=\"c4f787e\" data-element_type=\"widget\" data-widget_type=\"theme-post-title.default\">\n\t\t\t\t<div class=\"elementor-widget-container\">\n\t\t\t\t\t<h1 class=\"elementor-heading-title elementor-size-default\">Observatori de la Marca Andorra (XXXIII): Inversi\u00f3 exterior i llibertat d\u2019establiment<\/h1>\t\t\t\t<\/div>\n\t\t\t\t<\/div>\n\t\t\t\t<div class=\"elementor-element elementor-element-f16851c elementor-widget elementor-widget-theme-post-excerpt\" data-id=\"f16851c\" data-element_type=\"widget\" data-widget_type=\"theme-post-excerpt.default\">\n\t\t\t\t<div class=\"elementor-widget-container\">\n\t\t\t\t\tL'article de Pere Aug\u00e9 discuteix dos temes clau en la legislatura actual d'Andorra: el problema de l'habitatge i l'acord d'associaci\u00f3 amb la UE. Argumenta que les mesures del govern per limitar la inversi\u00f3 estrangera, destinades a abordar el problema de l'habitatge, contradiuen l'acord d'associaci\u00f3 que permet la llibertat d'establiment per[...]\t\t\t\t<\/div>\n\t\t\t\t<\/div>\n\t\t\t\t\t<\/div>\n\t\t<\/div>\n\t\t\t\t\t<\/div>\n\t\t<\/section>\n\t\t\t\t<\/div>\n\t\t\t\t<div data-elementor-type=\"loop-item\" data-elementor-id=\"8702\" class=\"elementor elementor-8702 elementor-7748 e-loop-item e-loop-item-10592 post-10592 actualidad type-actualidad status-publish hentry\" data-elementor-post-type=\"elementor_library\" data-custom-edit-handle=\"1\">\n\t\t\t\t\t<section class=\"elementor-section elementor-top-section elementor-element elementor-element-eac24b3 elementor-section-boxed elementor-section-height-default elementor-section-height-default\" data-id=\"eac24b3\" data-element_type=\"section\">\n\t\t\t\t\t\t<div class=\"elementor-container elementor-column-gap-default\">\n\t\t\t\t\t<div class=\"elementor-column elementor-col-50 elementor-top-column elementor-element elementor-element-64bdab0\" data-id=\"64bdab0\" data-element_type=\"column\">\n\t\t\t<div class=\"elementor-widget-wrap elementor-element-populated\">\n\t\t\t\t\t\t<div class=\"elementor-element elementor-element-cdbbfaa elementor-align-left elementor-widget elementor-widget-button\" data-id=\"cdbbfaa\" data-element_type=\"widget\" data-widget_type=\"button.default\">\n\t\t\t\t<div class=\"elementor-widget-container\">\n\t\t\t\t\t\t\t\t\t<div class=\"elementor-button-wrapper\">\n\t\t\t\t\t<a class=\"elementor-button elementor-button-link elementor-size-sm elementor-animation-float\" href=\"https:\/\/www.augelegalfiscal.com\/ca\/actualidad\/la-internacionalitzacio-del-nom-de-domini-ad\/\">\n\t\t\t\t\t\t<span class=\"elementor-button-content-wrapper\">\n\t\t\t\t\t\t\t\t\t<span class=\"elementor-button-text\">LLEGIR M\u00c9S<\/span>\n\t\t\t\t\t<\/span>\n\t\t\t\t\t<\/a>\n\t\t\t\t<\/div>\n\t\t\t\t\t\t\t\t<\/div>\n\t\t\t\t<\/div>\n\t\t\t\t\t<\/div>\n\t\t<\/div>\n\t\t\t\t<div class=\"elementor-column elementor-col-50 elementor-top-column elementor-element elementor-element-f6c2f63\" data-id=\"f6c2f63\" data-element_type=\"column\">\n\t\t\t<div class=\"elementor-widget-wrap elementor-element-populated\">\n\t\t\t\t\t\t<div class=\"elementor-element elementor-element-c4f787e elementor-widget elementor-widget-theme-post-title elementor-page-title elementor-widget-heading\" data-id=\"c4f787e\" data-element_type=\"widget\" data-widget_type=\"theme-post-title.default\">\n\t\t\t\t<div class=\"elementor-widget-container\">\n\t\t\t\t\t<h1 class=\"elementor-heading-title elementor-size-default\">La \u201cInternacionalitzaci\u00f3\u201d del nom de domini.ad<\/h1>\t\t\t\t<\/div>\n\t\t\t\t<\/div>\n\t\t\t\t<div class=\"elementor-element elementor-element-f16851c elementor-widget elementor-widget-theme-post-excerpt\" data-id=\"f16851c\" data-element_type=\"widget\" data-widget_type=\"theme-post-excerpt.default\">\n\t\t\t\t<div class=\"elementor-widget-container\">\n\t\t\t\t\tLa posici\u00f3 d\u2019AUG\u00c9 LEGAL FISCAL en l\u2019escena dels registres de noms de domini \u201c.ad\u201d i la seva voluntat de pres\u00e8ncia \u00e9s tot, menys una coincid\u00e8ncia. L\u2019atractivitat empresarial i econ\u00f2mica del Principat ha provocat una evoluci\u00f3 exponencial del comer\u00e7 electr\u00f2nic, \u00e0mbit i economia digital. L\u2019\u00e0mbit digital fa refer\u00e8ncia a tot all\u00f2[...]\t\t\t\t<\/div>\n\t\t\t\t<\/div>\n\t\t\t\t\t<\/div>\n\t\t<\/div>\n\t\t\t\t\t<\/div>\n\t\t<\/section>\n\t\t\t\t<\/div>\n\t\t\t\t<div data-elementor-type=\"loop-item\" data-elementor-id=\"8702\" class=\"elementor elementor-8702 elementor-7748 e-loop-item e-loop-item-10555 post-10555 actualidad type-actualidad status-publish hentry\" data-elementor-post-type=\"elementor_library\" data-custom-edit-handle=\"1\">\n\t\t\t\t\t<section class=\"elementor-section elementor-top-section elementor-element elementor-element-eac24b3 elementor-section-boxed elementor-section-height-default elementor-section-height-default\" data-id=\"eac24b3\" data-element_type=\"section\">\n\t\t\t\t\t\t<div class=\"elementor-container elementor-column-gap-default\">\n\t\t\t\t\t<div class=\"elementor-column elementor-col-50 elementor-top-column elementor-element elementor-element-64bdab0\" data-id=\"64bdab0\" data-element_type=\"column\">\n\t\t\t<div class=\"elementor-widget-wrap elementor-element-populated\">\n\t\t\t\t\t\t<div class=\"elementor-element elementor-element-cdbbfaa elementor-align-left elementor-widget elementor-widget-button\" data-id=\"cdbbfaa\" data-element_type=\"widget\" data-widget_type=\"button.default\">\n\t\t\t\t<div class=\"elementor-widget-container\">\n\t\t\t\t\t\t\t\t\t<div class=\"elementor-button-wrapper\">\n\t\t\t\t\t<a class=\"elementor-button elementor-button-link elementor-size-sm elementor-animation-float\" href=\"https:\/\/www.augelegalfiscal.com\/ca\/actualidad\/observatori-de-la-marca-andorra-xxxii-reconeixement-marca-andorra-als-premis-cea-2024\/\">\n\t\t\t\t\t\t<span class=\"elementor-button-content-wrapper\">\n\t\t\t\t\t\t\t\t\t<span class=\"elementor-button-text\">LLEGIR M\u00c9S<\/span>\n\t\t\t\t\t<\/span>\n\t\t\t\t\t<\/a>\n\t\t\t\t<\/div>\n\t\t\t\t\t\t\t\t<\/div>\n\t\t\t\t<\/div>\n\t\t\t\t\t<\/div>\n\t\t<\/div>\n\t\t\t\t<div class=\"elementor-column elementor-col-50 elementor-top-column elementor-element elementor-element-f6c2f63\" data-id=\"f6c2f63\" data-element_type=\"column\">\n\t\t\t<div class=\"elementor-widget-wrap elementor-element-populated\">\n\t\t\t\t\t\t<div class=\"elementor-element elementor-element-c4f787e elementor-widget elementor-widget-theme-post-title elementor-page-title elementor-widget-heading\" data-id=\"c4f787e\" data-element_type=\"widget\" data-widget_type=\"theme-post-title.default\">\n\t\t\t\t<div class=\"elementor-widget-container\">\n\t\t\t\t\t<h1 class=\"elementor-heading-title elementor-size-default\">Observatori de la Marca Andorra (XXXII): Reconeixement Marca Andorra als Premis CEA 2024<\/h1>\t\t\t\t<\/div>\n\t\t\t\t<\/div>\n\t\t\t\t<div class=\"elementor-element elementor-element-f16851c elementor-widget elementor-widget-theme-post-excerpt\" data-id=\"f16851c\" data-element_type=\"widget\" data-widget_type=\"theme-post-excerpt.default\">\n\t\t\t\t<div class=\"elementor-widget-container\">\n\t\t\t\t\tEls Premis CEA, celebrats bianualment des del 2016, reconeixen els m\u00e8rits dels empresarisandorrans en \u00e0mbits com la sostenibilitat i la projecci\u00f3 internacional. Aquest any, Grandvalira ha estat premiada per la seva contribuci\u00f3 a la visibilitat d'Andorra. El Projecte Marca Andorra va n\u00e9ixer el 2011 per millorar la imatge internacional i[...]\t\t\t\t<\/div>\n\t\t\t\t<\/div>\n\t\t\t\t\t<\/div>\n\t\t<\/div>\n\t\t\t\t\t<\/div>\n\t\t<\/section>\n\t\t\t\t<\/div>\n\t\t\t\t<div data-elementor-type=\"loop-item\" data-elementor-id=\"8702\" class=\"elementor elementor-8702 elementor-7748 e-loop-item e-loop-item-10547 post-10547 actualidad type-actualidad status-publish hentry\" data-elementor-post-type=\"elementor_library\" data-custom-edit-handle=\"1\">\n\t\t\t\t\t<section class=\"elementor-section elementor-top-section elementor-element elementor-element-eac24b3 elementor-section-boxed elementor-section-height-default elementor-section-height-default\" data-id=\"eac24b3\" data-element_type=\"section\">\n\t\t\t\t\t\t<div class=\"elementor-container elementor-column-gap-default\">\n\t\t\t\t\t<div class=\"elementor-column elementor-col-50 elementor-top-column elementor-element elementor-element-64bdab0\" data-id=\"64bdab0\" data-element_type=\"column\">\n\t\t\t<div class=\"elementor-widget-wrap elementor-element-populated\">\n\t\t\t\t\t\t<div class=\"elementor-element elementor-element-cdbbfaa elementor-align-left elementor-widget elementor-widget-button\" data-id=\"cdbbfaa\" data-element_type=\"widget\" data-widget_type=\"button.default\">\n\t\t\t\t<div class=\"elementor-widget-container\">\n\t\t\t\t\t\t\t\t\t<div class=\"elementor-button-wrapper\">\n\t\t\t\t\t<a class=\"elementor-button elementor-button-link elementor-size-sm elementor-animation-float\" href=\"https:\/\/www.augelegalfiscal.com\/ca\/actualidad\/observatori-de-la-marca-andorra-xxxi-la-cooperativa-com-a-solucio-eficac-al-problema-de-l-habitatge\/\">\n\t\t\t\t\t\t<span class=\"elementor-button-content-wrapper\">\n\t\t\t\t\t\t\t\t\t<span class=\"elementor-button-text\">LLEGIR M\u00c9S<\/span>\n\t\t\t\t\t<\/span>\n\t\t\t\t\t<\/a>\n\t\t\t\t<\/div>\n\t\t\t\t\t\t\t\t<\/div>\n\t\t\t\t<\/div>\n\t\t\t\t\t<\/div>\n\t\t<\/div>\n\t\t\t\t<div class=\"elementor-column elementor-col-50 elementor-top-column elementor-element elementor-element-f6c2f63\" data-id=\"f6c2f63\" data-element_type=\"column\">\n\t\t\t<div class=\"elementor-widget-wrap elementor-element-populated\">\n\t\t\t\t\t\t<div class=\"elementor-element elementor-element-c4f787e elementor-widget elementor-widget-theme-post-title elementor-page-title elementor-widget-heading\" data-id=\"c4f787e\" data-element_type=\"widget\" data-widget_type=\"theme-post-title.default\">\n\t\t\t\t<div class=\"elementor-widget-container\">\n\t\t\t\t\t<h1 class=\"elementor-heading-title elementor-size-default\">Observatori de la Marca Andorra (XXXI): La cooperativa com a soluci\u00f3 efica\u00e7 al problema de l\u2019habitatge.<\/h1>\t\t\t\t<\/div>\n\t\t\t\t<\/div>\n\t\t\t\t<div class=\"elementor-element elementor-element-f16851c elementor-widget elementor-widget-theme-post-excerpt\" data-id=\"f16851c\" data-element_type=\"widget\" data-widget_type=\"theme-post-excerpt.default\">\n\t\t\t\t<div class=\"elementor-widget-container\">\n\t\t\t\t\tPere Aug\u00e9 destaca l'oportunitat \u00fanica d'Andorra per implementar un model cooperatiu en el sector de l'habitatge, aprofitant la nova regulaci\u00f3 permesa per la seva associaci\u00f3 amb la Uni\u00f3 Europea.[...]\t\t\t\t<\/div>\n\t\t\t\t<\/div>\n\t\t\t\t\t<\/div>\n\t\t<\/div>\n\t\t\t\t\t<\/div>\n\t\t<\/section>\n\t\t\t\t<\/div>\n\t\t\t\t<div data-elementor-type=\"loop-item\" data-elementor-id=\"8702\" class=\"elementor elementor-8702 elementor-7748 e-loop-item e-loop-item-10487 post-10487 actualidad type-actualidad status-publish hentry\" data-elementor-post-type=\"elementor_library\" data-custom-edit-handle=\"1\">\n\t\t\t\t\t<section class=\"elementor-section elementor-top-section elementor-element elementor-element-eac24b3 elementor-section-boxed elementor-section-height-default elementor-section-height-default\" data-id=\"eac24b3\" data-element_type=\"section\">\n\t\t\t\t\t\t<div class=\"elementor-container elementor-column-gap-default\">\n\t\t\t\t\t<div class=\"elementor-column elementor-col-50 elementor-top-column elementor-element elementor-element-64bdab0\" data-id=\"64bdab0\" data-element_type=\"column\">\n\t\t\t<div class=\"elementor-widget-wrap elementor-element-populated\">\n\t\t\t\t\t\t<div class=\"elementor-element elementor-element-cdbbfaa elementor-align-left elementor-widget elementor-widget-button\" data-id=\"cdbbfaa\" data-element_type=\"widget\" data-widget_type=\"button.default\">\n\t\t\t\t<div class=\"elementor-widget-container\">\n\t\t\t\t\t\t\t\t\t<div class=\"elementor-button-wrapper\">\n\t\t\t\t\t<a class=\"elementor-button elementor-button-link elementor-size-sm elementor-animation-float\" href=\"https:\/\/www.augelegalfiscal.com\/ca\/actualidad\/noves-deduccions-impost-de-societats\/\">\n\t\t\t\t\t\t<span class=\"elementor-button-content-wrapper\">\n\t\t\t\t\t\t\t\t\t<span class=\"elementor-button-text\">LLEGIR M\u00c9S<\/span>\n\t\t\t\t\t<\/span>\n\t\t\t\t\t<\/a>\n\t\t\t\t<\/div>\n\t\t\t\t\t\t\t\t<\/div>\n\t\t\t\t<\/div>\n\t\t\t\t\t<\/div>\n\t\t<\/div>\n\t\t\t\t<div class=\"elementor-column elementor-col-50 elementor-top-column elementor-element elementor-element-f6c2f63\" data-id=\"f6c2f63\" data-element_type=\"column\">\n\t\t\t<div class=\"elementor-widget-wrap elementor-element-populated\">\n\t\t\t\t\t\t<div class=\"elementor-element elementor-element-c4f787e elementor-widget elementor-widget-theme-post-title elementor-page-title elementor-widget-heading\" data-id=\"c4f787e\" data-element_type=\"widget\" data-widget_type=\"theme-post-title.default\">\n\t\t\t\t<div class=\"elementor-widget-container\">\n\t\t\t\t\t<h1 class=\"elementor-heading-title elementor-size-default\">Noves deduccions de l&#8217;Impost de Societats<\/h1>\t\t\t\t<\/div>\n\t\t\t\t<\/div>\n\t\t\t\t<div class=\"elementor-element elementor-element-f16851c elementor-widget elementor-widget-theme-post-excerpt\" data-id=\"f16851c\" data-element_type=\"widget\" data-widget_type=\"theme-post-excerpt.default\">\n\t\t\t\t<div class=\"elementor-widget-container\">\n\t\t\t\t\tEl Consell General va aprovar, el passat 19 de gener de 2023, la Llei 5\/2023 de mesures per a la reforma de la imposici\u00f3 directa i de modificaci\u00f3 d\u2019altres normes tribut\u00e0ries i duaneres. Aquesta reforma fiscal que entra en vigor a comptar del dia 01 de gener de 2024 per[...]\t\t\t\t<\/div>\n\t\t\t\t<\/div>\n\t\t\t\t\t<\/div>\n\t\t<\/div>\n\t\t\t\t\t<\/div>\n\t\t<\/section>\n\t\t\t\t<\/div>\n\t\t\t\t<\/div>\n\t\t\n\t\t\t\t\t\t<\/div>\n\t\t\t\t<\/div>\n\t\t\t\t\t<\/div>\n\t\t<\/div>\n\t\t\t\t\t<\/div>\n\t\t<\/section>\n\t\t\t\t\t<\/div>\n\t\t<\/div>\n\t\t\t\t\t<\/div>\n\t\t<\/section>\n\t\t\t\t<\/div>\n\t\t","protected":false},"excerpt":{"rendered":"<p>Actualitat<\/p>\n","protected":false},"author":1,"featured_media":0,"parent":0,"menu_order":0,"comment_status":"closed","ping_status":"closed","template":"","meta":{"_acf_changed":false,"footnotes":""},"class_list":["post-8684","page","type-page","status-publish","hentry"],"acf":[],"_links":{"self":[{"href":"https:\/\/www.augelegalfiscal.com\/ca\/wp-json\/wp\/v2\/pages\/8684","targetHints":{"allow":["GET"]}}],"collection":[{"href":"https:\/\/www.augelegalfiscal.com\/ca\/wp-json\/wp\/v2\/pages"}],"about":[{"href":"https:\/\/www.augelegalfiscal.com\/ca\/wp-json\/wp\/v2\/types\/page"}],"author":[{"embeddable":true,"href":"https:\/\/www.augelegalfiscal.com\/ca\/wp-json\/wp\/v2\/users\/1"}],"replies":[{"embeddable":true,"href":"https:\/\/www.augelegalfiscal.com\/ca\/wp-json\/wp\/v2\/comments?post=8684"}],"version-history":[{"count":1,"href":"https:\/\/www.augelegalfiscal.com\/ca\/wp-json\/wp\/v2\/pages\/8684\/revisions"}],"predecessor-version":[{"id":8685,"href":"https:\/\/www.augelegalfiscal.com\/ca\/wp-json\/wp\/v2\/pages\/8684\/revisions\/8685"}],"wp:attachment":[{"href":"https:\/\/www.augelegalfiscal.com\/ca\/wp-json\/wp\/v2\/media?parent=8684"}],"curies":[{"name":"wp","href":"https:\/\/api.w.org\/{rel}","templated":true}]}}