{"id":1684,"date":"2020-03-23T18:50:22","date_gmt":"2020-03-23T17:50:22","guid":{"rendered":"https:\/\/www.augelegalfiscal.com\/international-desk\/"},"modified":"2026-03-24T16:32:39","modified_gmt":"2026-03-24T15:32:39","slug":"international-desk","status":"publish","type":"page","link":"https:\/\/www.augelegalfiscal.com\/ca\/international-desk\/","title":{"rendered":"International Desk"},"content":{"rendered":"\t\t<div data-elementor-type=\"wp-page\" data-elementor-id=\"1684\" class=\"elementor elementor-1684 elementor-741\" data-elementor-post-type=\"page\">\n\t\t\t\t\t\t<section class=\"elementor-section elementor-top-section elementor-element elementor-element-23bca781 elementor-section-full_width elementor-section-height-default elementor-section-height-default\" data-id=\"23bca781\" data-element_type=\"section\">\n\t\t\t\t\t\t<div class=\"elementor-container elementor-column-gap-default\">\n\t\t\t\t\t<div class=\"elementor-column elementor-col-50 elementor-top-column elementor-element elementor-element-60e3b4f3\" data-id=\"60e3b4f3\" data-element_type=\"column\" data-settings=\"{&quot;background_background&quot;:&quot;classic&quot;}\">\n\t\t\t<div class=\"elementor-widget-wrap elementor-element-populated\">\n\t\t\t\t\t\t<div class=\"elementor-element elementor-element-3dca894b elementor-widget elementor-widget-heading\" data-id=\"3dca894b\" data-element_type=\"widget\" data-widget_type=\"heading.default\">\n\t\t\t\t<div class=\"elementor-widget-container\">\n\t\t\t\t\t<h2 class=\"elementor-heading-title elementor-size-default\">International Desk<\/h2>\t\t\t\t<\/div>\n\t\t\t\t<\/div>\n\t\t\t\t<div class=\"elementor-element elementor-element-395d88f2 elementor-widget elementor-widget-text-editor\" data-id=\"395d88f2\" data-element_type=\"widget\" data-widget_type=\"text-editor.default\">\n\t\t\t\t<div class=\"elementor-widget-container\">\n\t\t\t\t\t\t\t\t\t<p>L\u2019International Desk d\u2019Aug\u00e9 Legal &amp; Fiscal es troba compost per una multiplicitat de professionals de diversos \u00e0mbits d\u2019especialitzaci\u00f3 i d\u2019una gran varietat de proced\u00e8ncies geogr\u00e0fiques, que confereix al nostre equip un coneixement hol\u00edstic internacional a nivell cultural i normatiu, permetent la interlocuci\u00f3 amb el nostre client en m\u00e9s de set lleng\u00fces diferents.<\/p>\n<p>El nostre International Desk duu a terme totes les funcions d\u2019acollida de clients internacionals, aix\u00ed com de promoci\u00f3 del nostre grup a nivell global, mitjan\u00e7ant la pres\u00e8ncia en f\u00f2rums, confer\u00e8ncies i congressos.<\/p>\n\t\t\t\t\t\t\t\t<\/div>\n\t\t\t\t<\/div>\n\t\t\t\t\t<\/div>\n\t\t<\/div>\n\t\t\t\t<div class=\"elementor-column elementor-col-50 elementor-top-column elementor-element elementor-element-12094aa3 elementor-hidden-phone\" data-id=\"12094aa3\" data-element_type=\"column\" data-settings=\"{&quot;background_background&quot;:&quot;classic&quot;}\">\n\t\t\t<div class=\"elementor-widget-wrap elementor-element-populated\">\n\t\t\t\t\t\t<div class=\"elementor-element elementor-element-2d500bb elementor-widget elementor-widget-spacer\" data-id=\"2d500bb\" data-element_type=\"widget\" data-widget_type=\"spacer.default\">\n\t\t\t\t<div class=\"elementor-widget-container\">\n\t\t\t\t\t\t\t<div class=\"elementor-spacer\">\n\t\t\t<div class=\"elementor-spacer-inner\"><\/div>\n\t\t<\/div>\n\t\t\t\t\t\t<\/div>\n\t\t\t\t<\/div>\n\t\t\t\t\t<\/div>\n\t\t<\/div>\n\t\t\t\t\t<\/div>\n\t\t<\/section>\n\t\t\t\t<section class=\"elementor-section elementor-top-section elementor-element elementor-element-210c0313 elementor-section-boxed elementor-section-height-default elementor-section-height-default\" data-id=\"210c0313\" data-element_type=\"section\" id=\"spanish-desk\" data-settings=\"{&quot;background_background&quot;:&quot;classic&quot;}\">\n\t\t\t\t\t\t<div class=\"elementor-container elementor-column-gap-default\">\n\t\t\t\t\t<div class=\"elementor-column elementor-col-100 elementor-top-column elementor-element elementor-element-4b066a54\" data-id=\"4b066a54\" data-element_type=\"column\">\n\t\t\t<div class=\"elementor-widget-wrap elementor-element-populated\">\n\t\t\t\t\t\t<div class=\"elementor-element elementor-element-2f43a13f elementor-widget elementor-widget-heading\" data-id=\"2f43a13f\" data-element_type=\"widget\" data-widget_type=\"heading.default\">\n\t\t\t\t<div class=\"elementor-widget-container\">\n\t\t\t\t\t<h3 class=\"elementor-heading-title elementor-size-default\">Spanish Desk<\/h3>\t\t\t\t<\/div>\n\t\t\t\t<\/div>\n\t\t\t\t<div class=\"elementor-element elementor-element-3b85ce7e elementor-widget elementor-widget-accordion\" data-id=\"3b85ce7e\" data-element_type=\"widget\" data-widget_type=\"accordion.default\">\n\t\t\t\t<div class=\"elementor-widget-container\">\n\t\t\t\t\t\t\t<div class=\"elementor-accordion\">\n\t\t\t\t\t\t\t<div class=\"elementor-accordion-item\">\n\t\t\t\t\t<div id=\"elementor-tab-title-9981\" class=\"elementor-tab-title\" data-tab=\"1\" role=\"button\" aria-controls=\"elementor-tab-content-9981\" aria-expanded=\"false\">\n\t\t\t\t\t\t\t\t\t\t\t\t\t<span class=\"elementor-accordion-icon elementor-accordion-icon-left\" aria-hidden=\"true\">\n\t\t\t\t\t\t\t\t\t\t\t\t\t\t\t<span class=\"elementor-accordion-icon-closed\"><i class=\"fas fa-chevron-down\"><\/i><\/span>\n\t\t\t\t\t\t\t\t<span class=\"elementor-accordion-icon-opened\"><i class=\"fas fa-chevron-up\"><\/i><\/span>\n\t\t\t\t\t\t\t\t\t\t\t\t\t\t<\/span>\n\t\t\t\t\t\t\t\t\t\t\t\t<a class=\"elementor-accordion-title\" tabindex=\"0\"><\/a>\n\t\t\t\t\t<\/div>\n\t\t\t\t\t<div id=\"elementor-tab-content-9981\" class=\"elementor-tab-content elementor-clearfix\" data-tab=\"1\" role=\"region\" aria-labelledby=\"elementor-tab-title-9981\"><p>El nostre Spanish Desk est\u00e0 format per un equip d\u2019advocats de diferents \u00e0rees d\u2019especialitat, la majoria de nacionalitat espanyola i perfectes coneixedors de la normativa i la jurisprud\u00e8ncia d\u2019Espanya.<\/p>\n<p>Assessorem societats espanyoles i oferim planificaci\u00f3 fiscal en operacions de reestructuraci\u00f3 empresarial, amb especial atenci\u00f3 a les adquisicions i fusions transfrontereres. Aix\u00ed mateix, assessorem i planifiquem en mat\u00e8ria d\u2019imposici\u00f3 indirecta i duanes, i tamb\u00e9 en impostos locals.<\/p>\n<p><em><strong>Persona de contacte:<\/strong> <a href=\"https:\/\/augelegalfiscal.com\/ca\/la-firma\/el-nostre-equip\/\">Jose Luis.<\/a><\/em><\/p>\n<\/div>\n\t\t\t\t<\/div>\n\t\t\t\t\t\t\t\t<\/div>\n\t\t\t\t\t\t<\/div>\n\t\t\t\t<\/div>\n\t\t\t\t\t<\/div>\n\t\t<\/div>\n\t\t\t\t\t<\/div>\n\t\t<\/section>\n\t\t\t\t<section class=\"elementor-section elementor-top-section elementor-element elementor-element-59ae35e1 elementor-section-boxed elementor-section-height-default elementor-section-height-default\" data-id=\"59ae35e1\" data-element_type=\"section\" id=\"french-desk\" data-settings=\"{&quot;background_background&quot;:&quot;classic&quot;}\">\n\t\t\t\t\t\t<div class=\"elementor-container elementor-column-gap-default\">\n\t\t\t\t\t<div class=\"elementor-column elementor-col-100 elementor-top-column elementor-element elementor-element-7644f4b7\" data-id=\"7644f4b7\" data-element_type=\"column\">\n\t\t\t<div class=\"elementor-widget-wrap elementor-element-populated\">\n\t\t\t\t\t\t<div class=\"elementor-element elementor-element-7f430f75 elementor-widget elementor-widget-heading\" data-id=\"7f430f75\" data-element_type=\"widget\" data-widget_type=\"heading.default\">\n\t\t\t\t<div class=\"elementor-widget-container\">\n\t\t\t\t\t<h3 class=\"elementor-heading-title elementor-size-default\">French Desk<\/h3>\t\t\t\t<\/div>\n\t\t\t\t<\/div>\n\t\t\t\t<div class=\"elementor-element elementor-element-7c1101a4 elementor-widget elementor-widget-accordion\" data-id=\"7c1101a4\" data-element_type=\"widget\" data-widget_type=\"accordion.default\">\n\t\t\t\t<div class=\"elementor-widget-container\">\n\t\t\t\t\t\t\t<div class=\"elementor-accordion\">\n\t\t\t\t\t\t\t<div class=\"elementor-accordion-item\">\n\t\t\t\t\t<div id=\"elementor-tab-title-2081\" class=\"elementor-tab-title\" data-tab=\"1\" role=\"button\" aria-controls=\"elementor-tab-content-2081\" aria-expanded=\"false\">\n\t\t\t\t\t\t\t\t\t\t\t\t\t<span class=\"elementor-accordion-icon elementor-accordion-icon-left\" aria-hidden=\"true\">\n\t\t\t\t\t\t\t\t\t\t\t\t\t\t\t<span class=\"elementor-accordion-icon-closed\"><i class=\"fas fa-chevron-down\"><\/i><\/span>\n\t\t\t\t\t\t\t\t<span class=\"elementor-accordion-icon-opened\"><i class=\"fas fa-chevron-up\"><\/i><\/span>\n\t\t\t\t\t\t\t\t\t\t\t\t\t\t<\/span>\n\t\t\t\t\t\t\t\t\t\t\t\t<a class=\"elementor-accordion-title\" tabindex=\"0\"><\/a>\n\t\t\t\t\t<\/div>\n\t\t\t\t\t<div id=\"elementor-tab-content-2081\" class=\"elementor-tab-content elementor-clearfix\" data-tab=\"1\" role=\"region\" aria-labelledby=\"elementor-tab-title-2081\"><p>El nostre French Desk est\u00e0 format per advocats coneixedors de la cultura jur\u00eddica francesa, focalitzats en diferents \u00e0rees d\u2019especialitat. Assessorem els clients franc\u00f2fons per poder-ne implementar els projectes andorrans amb un servei marcadament personalitzat.<\/p>\n<p><em><strong>Persona de contacte:<\/strong> <a href=\"https:\/\/www.augelegalfiscal.com\/ca\/la-firma\/el-nostre-equip\/\">Pau Aug\u00e9.<\/a><\/em><\/p>\n<\/div>\n\t\t\t\t<\/div>\n\t\t\t\t\t\t\t\t<\/div>\n\t\t\t\t\t\t<\/div>\n\t\t\t\t<\/div>\n\t\t\t\t\t<\/div>\n\t\t<\/div>\n\t\t\t\t\t<\/div>\n\t\t<\/section>\n\t\t\t\t<section class=\"elementor-section elementor-top-section elementor-element elementor-element-89ab3e1 elementor-section-boxed elementor-section-height-default elementor-section-height-default\" data-id=\"89ab3e1\" data-element_type=\"section\" id=\"russian-desk\" data-settings=\"{&quot;background_background&quot;:&quot;classic&quot;}\">\n\t\t\t\t\t\t<div class=\"elementor-container elementor-column-gap-default\">\n\t\t\t\t\t<div class=\"elementor-column elementor-col-100 elementor-top-column elementor-element elementor-element-70b3670\" data-id=\"70b3670\" data-element_type=\"column\">\n\t\t\t<div class=\"elementor-widget-wrap elementor-element-populated\">\n\t\t\t\t\t\t<div class=\"elementor-element elementor-element-7941370 elementor-widget elementor-widget-heading\" data-id=\"7941370\" data-element_type=\"widget\" data-widget_type=\"heading.default\">\n\t\t\t\t<div class=\"elementor-widget-container\">\n\t\t\t\t\t<h3 class=\"elementor-heading-title elementor-size-default\">Russian Desk<\/h3>\t\t\t\t<\/div>\n\t\t\t\t<\/div>\n\t\t\t\t<div class=\"elementor-element elementor-element-c25b6d9 elementor-widget elementor-widget-accordion\" data-id=\"c25b6d9\" data-element_type=\"widget\" data-widget_type=\"accordion.default\">\n\t\t\t\t<div class=\"elementor-widget-container\">\n\t\t\t\t\t\t\t<div class=\"elementor-accordion\">\n\t\t\t\t\t\t\t<div class=\"elementor-accordion-item\">\n\t\t\t\t\t<div id=\"elementor-tab-title-2031\" class=\"elementor-tab-title\" data-tab=\"1\" role=\"button\" aria-controls=\"elementor-tab-content-2031\" aria-expanded=\"false\">\n\t\t\t\t\t\t\t\t\t\t\t\t\t<span class=\"elementor-accordion-icon elementor-accordion-icon-left\" aria-hidden=\"true\">\n\t\t\t\t\t\t\t\t\t\t\t\t\t\t\t<span class=\"elementor-accordion-icon-closed\"><i class=\"fas fa-chevron-down\"><\/i><\/span>\n\t\t\t\t\t\t\t\t<span class=\"elementor-accordion-icon-opened\"><i class=\"fas fa-chevron-up\"><\/i><\/span>\n\t\t\t\t\t\t\t\t\t\t\t\t\t\t<\/span>\n\t\t\t\t\t\t\t\t\t\t\t\t<a class=\"elementor-accordion-title\" tabindex=\"0\"><\/a>\n\t\t\t\t\t<\/div>\n\t\t\t\t\t<div id=\"elementor-tab-content-2031\" class=\"elementor-tab-content elementor-clearfix\" data-tab=\"1\" role=\"region\" aria-labelledby=\"elementor-tab-title-2031\"><p>Som el despatx de refer\u00e8ncia per als inversors russos gr\u00e0cies a qu\u00e8 disposem d\u2019un excel\u00b7lent equip de professionals natius i perfectes coneixedors de l\u2019entorn empresarial i cultural rus.<\/p>\n<p>Aix\u00ed mateix, atesa la important comunitat russa existent a Andorra, disposem d\u2019una ag\u00e8ncia immobili\u00e0ria pr\u00f2pia,\u00a0<a href=\"https:\/\/www.augerealestate.com\/\" target=\"_blank\" rel=\"noopener noreferrer\">AUG\u00c9 REAL ESTATE,<\/a>\u00a0encarregada d\u2019oferir el millor assessorament immobiliari als nostres clients.<\/p>\n<p><em><strong>Persona de contacte:<\/strong> <strong><a href=\"https:\/\/www.augelegalfiscal.com\/ca\/la-firma\/el-nostre-equip\/\">Renata Kutergina.<\/a><\/strong><\/em><\/p>\n<\/div>\n\t\t\t\t<\/div>\n\t\t\t\t\t\t\t\t<\/div>\n\t\t\t\t\t\t<\/div>\n\t\t\t\t<\/div>\n\t\t\t\t\t<\/div>\n\t\t<\/div>\n\t\t\t\t\t<\/div>\n\t\t<\/section>\n\t\t\t\t<section class=\"elementor-section elementor-top-section elementor-element elementor-element-3c8d02c elementor-section-boxed elementor-section-height-default elementor-section-height-default\" data-id=\"3c8d02c\" data-element_type=\"section\" id=\"latam-desk\" data-settings=\"{&quot;background_background&quot;:&quot;classic&quot;}\">\n\t\t\t\t\t\t<div class=\"elementor-container elementor-column-gap-default\">\n\t\t\t\t\t<div class=\"elementor-column elementor-col-100 elementor-top-column elementor-element elementor-element-4c93b94\" data-id=\"4c93b94\" data-element_type=\"column\">\n\t\t\t<div class=\"elementor-widget-wrap elementor-element-populated\">\n\t\t\t\t\t\t<div class=\"elementor-element elementor-element-c49c756 elementor-widget elementor-widget-heading\" data-id=\"c49c756\" data-element_type=\"widget\" data-widget_type=\"heading.default\">\n\t\t\t\t<div class=\"elementor-widget-container\">\n\t\t\t\t\t<h3 class=\"elementor-heading-title elementor-size-default\">Latam Desk<\/h3>\t\t\t\t<\/div>\n\t\t\t\t<\/div>\n\t\t\t\t<div class=\"elementor-element elementor-element-1ba30b2 elementor-widget elementor-widget-accordion\" data-id=\"1ba30b2\" data-element_type=\"widget\" data-widget_type=\"accordion.default\">\n\t\t\t\t<div class=\"elementor-widget-container\">\n\t\t\t\t\t\t\t<div class=\"elementor-accordion\">\n\t\t\t\t\t\t\t<div class=\"elementor-accordion-item\">\n\t\t\t\t\t<div id=\"elementor-tab-title-2891\" class=\"elementor-tab-title\" data-tab=\"1\" role=\"button\" aria-controls=\"elementor-tab-content-2891\" aria-expanded=\"false\">\n\t\t\t\t\t\t\t\t\t\t\t\t\t<span class=\"elementor-accordion-icon elementor-accordion-icon-left\" aria-hidden=\"true\">\n\t\t\t\t\t\t\t\t\t\t\t\t\t\t\t<span class=\"elementor-accordion-icon-closed\"><i class=\"fas fa-chevron-down\"><\/i><\/span>\n\t\t\t\t\t\t\t\t<span class=\"elementor-accordion-icon-opened\"><i class=\"fas fa-chevron-up\"><\/i><\/span>\n\t\t\t\t\t\t\t\t\t\t\t\t\t\t<\/span>\n\t\t\t\t\t\t\t\t\t\t\t\t<a class=\"elementor-accordion-title\" tabindex=\"0\"><\/a>\n\t\t\t\t\t<\/div>\n\t\t\t\t\t<div id=\"elementor-tab-content-2891\" class=\"elementor-tab-content elementor-clearfix\" data-tab=\"1\" role=\"region\" aria-labelledby=\"elementor-tab-title-2891\"><p>El nostre equip de professionals t\u00e9 una dilatada experi\u00e8ncia en l\u2019assessorament a clients iberoamericans. A m\u00e9s, el nostre pa\u00eds est\u00e0 especialment comprom\u00e8s amb la comunitat iberoamericana. La seva condici\u00f3 d\u2019organitzador elegit per acollir la\u00a0<a href=\"https:\/\/www.segib.org\/cumbres-iberoamericanas\/camino-a-la-xxvii-cumbre\/\" target=\"_blank\" rel=\"noopener noreferrer\">Cimera Iberoamericana del 2020<\/a>\u00a0n\u2019\u00e9s la prova.<\/p>\n<p>El profund coneixement que tenim de la cultura iberoamericana ens permet avan\u00e7ar-nos amb celeritat i efici\u00e8ncia a totes les q\u00fcestions que puguin ser d\u2019inter\u00e8s per als clients, amb la finalitat d\u2019oferir-los assessorament legal i fiscal adaptat a les seves necessitats.<\/p>\n<p><em><strong>Persona de contacte:<\/strong> <a href=\"https:\/\/www.augelegalfiscal.com\/ca\/la-firma\/el-nostre-equip\/\" target=\"_blank\" rel=\"noopener noreferrer\">Jose Luis Camp.<\/a><\/em><\/p>\n<\/div>\n\t\t\t\t<\/div>\n\t\t\t\t\t\t\t\t<\/div>\n\t\t\t\t\t\t<\/div>\n\t\t\t\t<\/div>\n\t\t\t\t\t<\/div>\n\t\t<\/div>\n\t\t\t\t\t<\/div>\n\t\t<\/section>\n\t\t\t\t<section class=\"elementor-section elementor-top-section elementor-element elementor-element-1c58a0c elementor-section-boxed elementor-section-height-default elementor-section-height-default\" data-id=\"1c58a0c\" data-element_type=\"section\" id=\"us-canadian-desk\" data-settings=\"{&quot;background_background&quot;:&quot;classic&quot;}\">\n\t\t\t\t\t\t<div class=\"elementor-container elementor-column-gap-default\">\n\t\t\t\t\t<div class=\"elementor-column elementor-col-100 elementor-top-column elementor-element elementor-element-e7a5d58\" data-id=\"e7a5d58\" data-element_type=\"column\">\n\t\t\t<div class=\"elementor-widget-wrap elementor-element-populated\">\n\t\t\t\t\t\t<div class=\"elementor-element elementor-element-515b9f5 elementor-widget elementor-widget-heading\" data-id=\"515b9f5\" data-element_type=\"widget\" data-widget_type=\"heading.default\">\n\t\t\t\t<div class=\"elementor-widget-container\">\n\t\t\t\t\t<h3 class=\"elementor-heading-title elementor-size-default\">US\/Canadian Desk<\/h3>\t\t\t\t<\/div>\n\t\t\t\t<\/div>\n\t\t\t\t<div class=\"elementor-element elementor-element-e3affea elementor-widget elementor-widget-accordion\" data-id=\"e3affea\" data-element_type=\"widget\" data-widget_type=\"accordion.default\">\n\t\t\t\t<div class=\"elementor-widget-container\">\n\t\t\t\t\t\t\t<div class=\"elementor-accordion\">\n\t\t\t\t\t\t\t<div class=\"elementor-accordion-item\">\n\t\t\t\t\t<div id=\"elementor-tab-title-2381\" class=\"elementor-tab-title\" data-tab=\"1\" role=\"button\" aria-controls=\"elementor-tab-content-2381\" aria-expanded=\"false\">\n\t\t\t\t\t\t\t\t\t\t\t\t\t<span class=\"elementor-accordion-icon elementor-accordion-icon-left\" aria-hidden=\"true\">\n\t\t\t\t\t\t\t\t\t\t\t\t\t\t\t<span class=\"elementor-accordion-icon-closed\"><i class=\"fas fa-chevron-down\"><\/i><\/span>\n\t\t\t\t\t\t\t\t<span class=\"elementor-accordion-icon-opened\"><i class=\"fas fa-chevron-up\"><\/i><\/span>\n\t\t\t\t\t\t\t\t\t\t\t\t\t\t<\/span>\n\t\t\t\t\t\t\t\t\t\t\t\t<a class=\"elementor-accordion-title\" tabindex=\"0\"><\/a>\n\t\t\t\t\t<\/div>\n\t\t\t\t\t<div id=\"elementor-tab-content-2381\" class=\"elementor-tab-content elementor-clearfix\" data-tab=\"1\" role=\"region\" aria-labelledby=\"elementor-tab-title-2381\"><p>El nostre US\/Canadian Desk est\u00e0 format per un conjunt d\u2019advocats natius amb \u00e0mplia experi\u00e8ncia en transaccions internacionals amb els Estats Units i el Canad\u00e0 i familiaritzats amb el mercat empresarial nord-americ\u00e0.<\/p>\n<p>Aix\u00ed mateix, ajudem a definir les estrat\u00e8gies m\u00e9s convenients per a les empreses nord-americanes interessades a invertir a Andorra com a centre de refer\u00e8ncia a Europa.<\/p>\n<p><em><strong>Persona de contacte:<\/strong> <a href=\"https:\/\/www.augelegalfiscal.com\/ca\/la-firma\/el-nostre-equip\/\" target=\"_blank\" rel=\"noopener noreferrer\">Jonathan Hinkson.<\/a><\/em><\/p>\n<\/div>\n\t\t\t\t<\/div>\n\t\t\t\t\t\t\t\t<\/div>\n\t\t\t\t\t\t<\/div>\n\t\t\t\t<\/div>\n\t\t\t\t\t<\/div>\n\t\t<\/div>\n\t\t\t\t\t<\/div>\n\t\t<\/section>\n\t\t\t\t<section class=\"elementor-section elementor-top-section elementor-element elementor-element-d887f57 elementor-section-boxed elementor-section-height-default elementor-section-height-default\" data-id=\"d887f57\" data-element_type=\"section\" id=\"middle-east-desk\" data-settings=\"{&quot;background_background&quot;:&quot;classic&quot;}\">\n\t\t\t\t\t\t<div class=\"elementor-container elementor-column-gap-default\">\n\t\t\t\t\t<div class=\"elementor-column elementor-col-100 elementor-top-column elementor-element elementor-element-2bb93a1\" data-id=\"2bb93a1\" data-element_type=\"column\">\n\t\t\t<div class=\"elementor-widget-wrap elementor-element-populated\">\n\t\t\t\t\t\t<div class=\"elementor-element elementor-element-21539ba elementor-widget elementor-widget-heading\" data-id=\"21539ba\" data-element_type=\"widget\" data-widget_type=\"heading.default\">\n\t\t\t\t<div class=\"elementor-widget-container\">\n\t\t\t\t\t<h3 class=\"elementor-heading-title elementor-size-default\">Middle East Desk<\/h3>\t\t\t\t<\/div>\n\t\t\t\t<\/div>\n\t\t\t\t<div class=\"elementor-element elementor-element-f425c9f elementor-widget elementor-widget-accordion\" data-id=\"f425c9f\" data-element_type=\"widget\" data-widget_type=\"accordion.default\">\n\t\t\t\t<div class=\"elementor-widget-container\">\n\t\t\t\t\t\t\t<div class=\"elementor-accordion\">\n\t\t\t\t\t\t\t<div class=\"elementor-accordion-item\">\n\t\t\t\t\t<div id=\"elementor-tab-title-2561\" class=\"elementor-tab-title\" data-tab=\"1\" role=\"button\" aria-controls=\"elementor-tab-content-2561\" aria-expanded=\"false\">\n\t\t\t\t\t\t\t\t\t\t\t\t\t<span class=\"elementor-accordion-icon elementor-accordion-icon-left\" aria-hidden=\"true\">\n\t\t\t\t\t\t\t\t\t\t\t\t\t\t\t<span class=\"elementor-accordion-icon-closed\"><i class=\"fas fa-chevron-down\"><\/i><\/span>\n\t\t\t\t\t\t\t\t<span class=\"elementor-accordion-icon-opened\"><i class=\"fas fa-chevron-up\"><\/i><\/span>\n\t\t\t\t\t\t\t\t\t\t\t\t\t\t<\/span>\n\t\t\t\t\t\t\t\t\t\t\t\t<a class=\"elementor-accordion-title\" tabindex=\"0\"><\/a>\n\t\t\t\t\t<\/div>\n\t\t\t\t\t<div id=\"elementor-tab-content-2561\" class=\"elementor-tab-content elementor-clearfix\" data-tab=\"1\" role=\"region\" aria-labelledby=\"elementor-tab-title-2561\"><p>El nostre equip de professionals t\u00e9 un ampli coneixement empresarial, jur\u00eddic i cultural a l\u2019Orient Mitj\u00e0, atesa la seva experi\u00e8ncia en inversions transfrontereres entre els pa\u00efsos de l\u2019Orient Mitj\u00e0 i el mercat europeu. Els nostres advocats assisteixen els clients estrangers, establint Andorra com a centre de refer\u00e8ncia per a les inversions cap a Europa a causa de la seva ubicaci\u00f3 estrat\u00e8gica per la proximitat amb Espanya i Fran\u00e7a.<\/p>\n<p><strong><em>Persona de contacte:<\/em><\/strong> <a href=\"https:\/\/www.augelegalfiscal.com\/ca\/la-firma\/el-nostre-equip\/\" target=\"_blank\" rel=\"noopener noreferrer\"><em>Pau Aug\u00e9.<\/em><\/a><\/p>\n<\/div>\n\t\t\t\t<\/div>\n\t\t\t\t\t\t\t\t<\/div>\n\t\t\t\t\t\t<\/div>\n\t\t\t\t<\/div>\n\t\t\t\t\t<\/div>\n\t\t<\/div>\n\t\t\t\t\t<\/div>\n\t\t<\/section>\n\t\t\t\t<\/div>\n\t\t","protected":false},"excerpt":{"rendered":"<p>International Desk L\u2019International Desk d\u2019Aug\u00e9 Legal &amp; Fiscal es troba compost per una multiplicitat de professionals de diversos \u00e0mbits d\u2019especialitzaci\u00f3 i d\u2019una gran varietat de proced\u00e8ncies geogr\u00e0fiques, que confereix al nostre equip un coneixement hol\u00edstic internacional a nivell cultural i normatiu, permetent la interlocuci\u00f3 amb el nostre client en m\u00e9s de set lleng\u00fces diferents. El [&hellip;]<\/p>\n","protected":false},"author":1,"featured_media":0,"parent":0,"menu_order":0,"comment_status":"closed","ping_status":"closed","template":"","meta":{"_acf_changed":false,"footnotes":""},"class_list":["post-1684","page","type-page","status-publish","hentry"],"acf":[],"_links":{"self":[{"href":"https:\/\/www.augelegalfiscal.com\/ca\/wp-json\/wp\/v2\/pages\/1684","targetHints":{"allow":["GET"]}}],"collection":[{"href":"https:\/\/www.augelegalfiscal.com\/ca\/wp-json\/wp\/v2\/pages"}],"about":[{"href":"https:\/\/www.augelegalfiscal.com\/ca\/wp-json\/wp\/v2\/types\/page"}],"author":[{"embeddable":true,"href":"https:\/\/www.augelegalfiscal.com\/ca\/wp-json\/wp\/v2\/users\/1"}],"replies":[{"embeddable":true,"href":"https:\/\/www.augelegalfiscal.com\/ca\/wp-json\/wp\/v2\/comments?post=1684"}],"version-history":[{"count":20,"href":"https:\/\/www.augelegalfiscal.com\/ca\/wp-json\/wp\/v2\/pages\/1684\/revisions"}],"predecessor-version":[{"id":16702,"href":"https:\/\/www.augelegalfiscal.com\/ca\/wp-json\/wp\/v2\/pages\/1684\/revisions\/16702"}],"wp:attachment":[{"href":"https:\/\/www.augelegalfiscal.com\/ca\/wp-json\/wp\/v2\/media?parent=1684"}],"curies":[{"name":"wp","href":"https:\/\/api.w.org\/{rel}","templated":true}]}}