{"id":1279,"date":"2020-03-27T20:07:31","date_gmt":"2020-03-27T19:07:31","guid":{"rendered":"https:\/\/www.augelegalfiscal.com\/area-fiscal\/fiscalitat-general\/"},"modified":"2023-03-08T14:38:06","modified_gmt":"2023-03-08T13:38:06","slug":"fiscalitat-general","status":"publish","type":"page","link":"https:\/\/www.augelegalfiscal.com\/ca\/fiscalitat-general\/","title":{"rendered":"Fiscalitat general"},"content":{"rendered":"\t\t<div data-elementor-type=\"wp-page\" data-elementor-id=\"1279\" class=\"elementor elementor-1279 elementor-636\" data-elementor-post-type=\"page\">\n\t\t\t\t\t\t<section class=\"elementor-section elementor-top-section elementor-element elementor-element-53d9598 elementor-section-full_width elementor-section-height-default elementor-section-height-default\" data-id=\"53d9598\" data-element_type=\"section\">\n\t\t\t\t\t\t<div class=\"elementor-container elementor-column-gap-default\">\n\t\t\t\t\t<div class=\"elementor-column elementor-col-50 elementor-top-column elementor-element elementor-element-460ec17c\" data-id=\"460ec17c\" data-element_type=\"column\" data-settings=\"{&quot;background_background&quot;:&quot;classic&quot;}\">\n\t\t\t<div class=\"elementor-widget-wrap elementor-element-populated\">\n\t\t\t\t\t\t<div class=\"elementor-element elementor-element-276bc09f elementor-widget elementor-widget-heading\" data-id=\"276bc09f\" data-element_type=\"widget\" data-widget_type=\"heading.default\">\n\t\t\t\t<div class=\"elementor-widget-container\">\n\t\t\t\t\t<h2 class=\"elementor-heading-title elementor-size-default\">Fiscalitat general<\/h2>\t\t\t\t<\/div>\n\t\t\t\t<\/div>\n\t\t\t\t<div class=\"elementor-element elementor-element-36cd5e0 elementor-widget elementor-widget-text-editor\" data-id=\"36cd5e0\" data-element_type=\"widget\" data-widget_type=\"text-editor.default\">\n\t\t\t\t<div class=\"elementor-widget-container\">\n\t\t\t\t\t\t\t\t\t<p>Oferim <span style=\"color: #a22d58;\"><strong>assessorament fiscal integral a empreses i particulars<\/strong><\/span>, de forma din\u00e0mica i proactiva, aportant solucions d\u2019alt valor afegit,<br \/>\naix\u00ed com dissenyem estrat\u00e8gies de planificaci\u00f3 fiscal a mida dels nostres clients, per oferir-los el millor escenari i tractament fiscal possible que els faciliti la presa de decisions correctes.<\/p>\n\t\t\t\t\t\t\t\t<\/div>\n\t\t\t\t<\/div>\n\t\t\t\t\t<\/div>\n\t\t<\/div>\n\t\t\t\t<div class=\"elementor-column elementor-col-50 elementor-top-column elementor-element elementor-element-68aa1812 elementor-hidden-phone\" data-id=\"68aa1812\" data-element_type=\"column\" data-settings=\"{&quot;background_background&quot;:&quot;classic&quot;}\">\n\t\t\t<div class=\"elementor-widget-wrap elementor-element-populated\">\n\t\t\t\t\t\t<div class=\"elementor-element elementor-element-9af09f9 elementor-widget elementor-widget-spacer\" data-id=\"9af09f9\" data-element_type=\"widget\" data-widget_type=\"spacer.default\">\n\t\t\t\t<div class=\"elementor-widget-container\">\n\t\t\t\t\t\t\t<div class=\"elementor-spacer\">\n\t\t\t<div class=\"elementor-spacer-inner\"><\/div>\n\t\t<\/div>\n\t\t\t\t\t\t<\/div>\n\t\t\t\t<\/div>\n\t\t\t\t\t<\/div>\n\t\t<\/div>\n\t\t\t\t\t<\/div>\n\t\t<\/section>\n\t\t\t\t<section class=\"elementor-section elementor-top-section elementor-element elementor-element-2cb6ba2d elementor-section-boxed elementor-section-height-default elementor-section-height-default\" data-id=\"2cb6ba2d\" data-element_type=\"section\" data-settings=\"{&quot;background_background&quot;:&quot;classic&quot;}\">\n\t\t\t\t\t\t<div class=\"elementor-container elementor-column-gap-default\">\n\t\t\t\t\t<div class=\"elementor-column elementor-col-100 elementor-top-column elementor-element elementor-element-37af7f48\" data-id=\"37af7f48\" data-element_type=\"column\">\n\t\t\t<div class=\"elementor-widget-wrap elementor-element-populated\">\n\t\t\t\t\t\t<div class=\"elementor-element elementor-element-55974379 elementor-widget elementor-widget-heading\" data-id=\"55974379\" data-element_type=\"widget\" data-widget_type=\"heading.default\">\n\t\t\t\t<div class=\"elementor-widget-container\">\n\t\t\t\t\t<h3 class=\"elementor-heading-title elementor-size-default\">El nostre assessorament inclou<\/h3>\t\t\t\t<\/div>\n\t\t\t\t<\/div>\n\t\t\t\t<div class=\"elementor-element elementor-element-24967084 elementor-widget elementor-widget-accordion\" data-id=\"24967084\" data-element_type=\"widget\" data-widget_type=\"accordion.default\">\n\t\t\t\t<div class=\"elementor-widget-container\">\n\t\t\t\t\t\t\t<div class=\"elementor-accordion\">\n\t\t\t\t\t\t\t<div class=\"elementor-accordion-item\">\n\t\t\t\t\t<div id=\"elementor-tab-title-6131\" class=\"elementor-tab-title\" data-tab=\"1\" role=\"button\" aria-controls=\"elementor-tab-content-6131\" aria-expanded=\"false\">\n\t\t\t\t\t\t\t\t\t\t\t\t\t<span class=\"elementor-accordion-icon elementor-accordion-icon-left\" aria-hidden=\"true\">\n\t\t\t\t\t\t\t\t\t\t\t\t\t\t\t<span class=\"elementor-accordion-icon-closed\"><i class=\"fas fa-chevron-down\"><\/i><\/span>\n\t\t\t\t\t\t\t\t<span class=\"elementor-accordion-icon-opened\"><i class=\"fas fa-chevron-up\"><\/i><\/span>\n\t\t\t\t\t\t\t\t\t\t\t\t\t\t<\/span>\n\t\t\t\t\t\t\t\t\t\t\t\t<a class=\"elementor-accordion-title\" tabindex=\"0\"><\/a>\n\t\t\t\t\t<\/div>\n\t\t\t\t\t<div id=\"elementor-tab-content-6131\" class=\"elementor-tab-content elementor-clearfix\" data-tab=\"1\" role=\"region\" aria-labelledby=\"elementor-tab-title-6131\"><ul>\n<li>Revisi\u00f3 i elaboraci\u00f3 de declaracions tribut\u00e0ries.<\/li>\n<li>Assessorament fiscal integral recurrent a persones f\u00edsiques, jur\u00eddiques i grups societaris consolidats.<\/li>\n<li>Assessorament i planificaci\u00f3 fiscal en processos d\u2019adquisici\u00f3 i transmissi\u00f3 de societats i operacions de reestructuraci\u00f3 empresarial.<\/li>\n<li>Planificaci\u00f3 i disseny d\u2019estructures societ\u00e0ries amb l\u2019objectiu de proposar mesures que permetin l\u2019optimitzaci\u00f3 fiscal.<\/li>\n<li>Auditoria fiscal (due diligence).<\/li>\n<li>Fiscalitat immobili\u00e0ria. Assessorament fiscal en projectes de transmissi\u00f3 o adquisici\u00f3 de b\u00e9ns immobles.<\/li>\n<\/ul>\n<\/div>\n\t\t\t\t<\/div>\n\t\t\t\t\t\t\t\t<\/div>\n\t\t\t\t\t\t<\/div>\n\t\t\t\t<\/div>\n\t\t\t\t\t<\/div>\n\t\t<\/div>\n\t\t\t\t\t<\/div>\n\t\t<\/section>\n\t\t\t\t<\/div>\n\t\t","protected":false},"excerpt":{"rendered":"<p>Fiscalitat general Oferim assessorament fiscal integral a empreses i particulars, de forma din\u00e0mica i proactiva, aportant solucions d\u2019alt valor afegit, aix\u00ed com dissenyem estrat\u00e8gies de planificaci\u00f3 fiscal a mida dels nostres clients, per oferir-los el millor escenari i tractament fiscal possible que els faciliti la presa de decisions correctes. El nostre assessorament inclou Revisi\u00f3 i [&hellip;]<\/p>\n","protected":false},"author":1,"featured_media":0,"parent":0,"menu_order":0,"comment_status":"closed","ping_status":"closed","template":"","meta":{"_acf_changed":false,"footnotes":""},"class_list":["post-1279","page","type-page","status-publish","hentry"],"acf":[],"_links":{"self":[{"href":"https:\/\/www.augelegalfiscal.com\/ca\/wp-json\/wp\/v2\/pages\/1279","targetHints":{"allow":["GET"]}}],"collection":[{"href":"https:\/\/www.augelegalfiscal.com\/ca\/wp-json\/wp\/v2\/pages"}],"about":[{"href":"https:\/\/www.augelegalfiscal.com\/ca\/wp-json\/wp\/v2\/types\/page"}],"author":[{"embeddable":true,"href":"https:\/\/www.augelegalfiscal.com\/ca\/wp-json\/wp\/v2\/users\/1"}],"replies":[{"embeddable":true,"href":"https:\/\/www.augelegalfiscal.com\/ca\/wp-json\/wp\/v2\/comments?post=1279"}],"version-history":[{"count":3,"href":"https:\/\/www.augelegalfiscal.com\/ca\/wp-json\/wp\/v2\/pages\/1279\/revisions"}],"predecessor-version":[{"id":7198,"href":"https:\/\/www.augelegalfiscal.com\/ca\/wp-json\/wp\/v2\/pages\/1279\/revisions\/7198"}],"wp:attachment":[{"href":"https:\/\/www.augelegalfiscal.com\/ca\/wp-json\/wp\/v2\/media?parent=1279"}],"curies":[{"name":"wp","href":"https:\/\/api.w.org\/{rel}","templated":true}]}}